{"id":2854,"date":"2022-04-08T16:07:01","date_gmt":"2022-04-08T15:07:01","guid":{"rendered":"https:\/\/www.ksalps.com\/?page_id=2854"},"modified":"2022-12-12T22:22:16","modified_gmt":"2022-12-12T21:22:16","slug":"gornistvo","status":"publish","type":"page","link":"https:\/\/www.ksalps.com\/cs\/gornistvo\/","title":{"rendered":"Horolezectv\u00ed"},"content":{"rendered":"<section class=\"wpb-content-wrapper\"><div data-vc-full-width=\"true\" data-vc-full-width-init=\"false\" class=\"vc_row wpb_row vc_row-fluid vc_custom_1639489566356 vc_row-has-fill\"><div class=\"wpb_column vc_column_container vc_col-sm-12\"><div class=\"vc_column-inner\"><div class=\"wpb_wrapper\">\n\t<div class=\"wpb_text_column wpb_content_element\" >\n\t\t<div class=\"wpb_wrapper\">\n\t\t\t<h4 style=\"text-align: left;\">Kamnicko-Savinjsk\u00e9 Alpy se py\u0161n\u00ed v\u00edce ne\u017e 30 vrcholy, jejich\u017e nadmo\u0159sk\u00e1 v\u00fd\u0161ka sah\u00e1 nad 2000 metr\u016f. Podle jednoho z nej\u00fasp\u011b\u0161n\u011bj\u0161\u00edch slovinsk\u00fdch alpinist\u016f, kter\u00fd je z\u00e1rove\u0148 jedin\u00fdm \u010dty\u0159n\u00e1sobn\u00fdm dr\u017eitelem horolezeck\u00e9ho ocen\u011bn\u00ed Zlat\u00fd cep\u00edn, je jejich p\u0159ednost\u00ed <em>\u201erozmanitost a p\u0159\u00edstupnost\u201c.<\/em>\u0158\u00edk\u00e1 tak\u00e9, \u017ee zde <em>\u201eve v\u0161ech ro\u010dn\u00edch obdob\u00edch m\u016f\u017eeme za\u017e\u00edt r\u016fzn\u00e9 situace a podm\u00ednky a z\u00e1rove\u0148 m\u016f\u017eeme velmi pl\u00e1novat t\u00fary mnoha r\u016fzn\u00fdmi variantami od zvolen\u00e9ho v\u00fdchoz\u00edho bodu a\u017e po c\u00edl. Tato dostupn\u00e1 rozmanitost, kdy se z\u00e1rove\u0148 m\u016f\u017eeme kochat p\u0159\u00edrodou, je ve sv\u011bt\u011b vz\u00e1cn\u00e1\u201c.<\/em> U n\u00e1s najdete mnoho obl\u00edben\u00fdch horsk\u00fdch t\u00far, na kter\u00e9 se horalov\u00e9 vyd\u00e1vaj\u00ed ve v\u0161ech ro\u010dn\u00edch obdob\u00edch a p\u0159\u00e1tel\u0161t\u00ed m\u00edstn\u00ed pak nab\u00edzej\u00ed ob\u010derstven\u00ed v mnoha horsk\u00fdch chat\u00e1ch.<\/h4>\n\n\t\t<\/div>\n\t<\/div>\n<\/div><\/div><\/div><\/div><div class=\"vc_row-full-width vc_clearfix\"><\/div><div data-vc-full-width=\"true\" data-vc-full-width-init=\"false\" class=\"vc_row wpb_row vc_row-fluid vc_custom_1670718538662 vc_row-has-fill vc_row-o-content-middle vc_row-flex\"><div class=\"wpb_column vc_column_container vc_col-sm-6\"><div class=\"vc_column-inner\"><div class=\"wpb_wrapper\">\n\t<div  class=\"wpb_single_image wpb_content_element vc_align_left\">\n\t\t\n\t\t<figure class=\"wpb_wrapper vc_figure\">\n\t\t\t<div class=\"vc_single_image-wrapper   vc_box_border_grey\"><img loading=\"lazy\" decoding=\"async\" width=\"900\" height=\"600\" src=\"https:\/\/www.ksalps.com\/wp-content\/uploads\/2022\/05\/Grintovec.jpg\" class=\"vc_single_image-img attachment-full\" alt=\"\" title=\"Grintovec\" srcset=\"https:\/\/www.ksalps.com\/wp-content\/uploads\/2022\/05\/Grintovec.jpg 900w, https:\/\/www.ksalps.com\/wp-content\/uploads\/2022\/05\/Grintovec-300x200.jpg 300w, https:\/\/www.ksalps.com\/wp-content\/uploads\/2022\/05\/Grintovec-768x512.jpg 768w, https:\/\/www.ksalps.com\/wp-content\/uploads\/2022\/05\/Grintovec-80x53.jpg 80w, https:\/\/www.ksalps.com\/wp-content\/uploads\/2022\/05\/Grintovec-18x12.jpg 18w\" sizes=\"auto, (max-width: 900px) 100vw, 900px\" \/><\/div>\n\t\t<\/figure>\n\t<\/div>\n<\/div><\/div><\/div><div class=\"wpb_column vc_column_container vc_col-sm-6\"><div class=\"vc_column-inner\"><div class=\"wpb_wrapper\"><h4 style=\"text-align: left\" class=\"vc_custom_heading\" >Grintovec<\/h4>\n\t<div class=\"wpb_text_column wpb_content_element\" >\n\t\t<div class=\"wpb_wrapper\">\n\t\t\t<p>Na nejvy\u0161\u0161\u00ed vrchol Kamnicko-Savinjsk\u00fdch Alp, kter\u00fdm je s v\u00fd\u0161kou 2 558 metr\u016f nad mo\u0159em Grintovec, vede n\u011bkolik tras. Mezi ty obt\u00ed\u017en\u011bj\u0161\u00ed pat\u0159\u00ed p\u0159\u00edstupy z Jezerska a \u00fadol\u00ed \u0159eky Kokry, zat\u00edmco z m\u011bste\u010dka Kamnicka Bistrica na n\u011bj vede technicky pom\u011brn\u011b snadn\u00e1 trasa. V\u00fdstup v\u0161ak p\u0159esto vy\u017eaduje dobrou fyzickou kondici, proto\u017ee trasa vy\u017eaduje t\u00e9m\u011b\u0159 2000 metr\u016f stoup\u00e1n\u00ed. Krom\u011b toho, \u017ee Grintovec pat\u0159\u00ed k dvoutis\u00edcovk\u00e1m, kter\u00e9 je na \u00fazem\u00ed Slovinska nejsnaz\u0161\u00ed osvojit, l\u00e1k\u00e1 turisty tak\u00e9 n\u00e1dhern\u00fdmi v\u00fdhledy na Lubla\u0148skou kotlinu, Jezersko a okoln\u00ed vrcholy, a dohl\u00e9dnete z n\u011bj i na Karavanky a Julsk\u00e9 Alpy.<\/p>\n\n\t\t<\/div>\n\t<\/div>\n<\/div><\/div><\/div><\/div><div class=\"vc_row-full-width vc_clearfix\"><\/div><div data-vc-full-width=\"true\" data-vc-full-width-init=\"false\" class=\"vc_row wpb_row vc_row-fluid vc_custom_1670718531691 vc_row-has-fill vc_row-o-content-middle vc_row-flex\"><div class=\"wpb_column vc_column_container vc_col-sm-6\"><div class=\"vc_column-inner\"><div class=\"wpb_wrapper\">\n\t<div  class=\"wpb_single_image wpb_content_element vc_align_left\">\n\t\t\n\t\t<figure class=\"wpb_wrapper vc_figure\">\n\t\t\t<div class=\"vc_single_image-wrapper   vc_box_border_grey\"><img loading=\"lazy\" decoding=\"async\" class=\"vc_single_image-img\" src=\"https:\/\/www.ksalps.com\/wp-content\/uploads\/2022\/05\/Cojzova-koca-890x500.jpg\" width=\"890\" height=\"500\" alt=\"Cojzova ko\u010da\" title=\"Cojzova ko\u010da\" \/><\/div>\n\t\t<\/figure>\n\t<\/div>\n<\/div><\/div><\/div><div class=\"wpb_column vc_column_container vc_col-sm-6\"><div class=\"vc_column-inner\"><div class=\"wpb_wrapper\"><h4 style=\"text-align: left\" class=\"vc_custom_heading\" >Chata Cojzova ko\u010da na Kokrsk\u00e9m sedle<\/h4>\n\t<div class=\"wpb_text_column wpb_content_element\" >\n\t\t<div class=\"wpb_wrapper\">\n\t\t\t<p>Cestou na vrchol hory Grintovec si turist\u00e9 mohou odpo\u010dinout u horsk\u00e9 chaty Cojzova ko\u010da na Kokrsk\u00e9m sedle, kter\u00e1 m\u016f\u017ee b\u00fdt i kone\u010dn\u00fdm c\u00edlem t\u00fary. Chata, pojmenovan\u00e1 po bratrech \u017digovi a Karlovi Zoisov\u00fdch, stoj\u00ed na sedle mezi vrcholy Grintovec a Kal\u0161ka gora ji\u017e od konce 19. stolet\u00ed. V l\u00e9t\u011b je otev\u0159ena ka\u017ed\u00fd den a krom\u011b j\u00eddla a pit\u00ed nab\u00edz\u00ed i mo\u017enost p\u0159enocov\u00e1n\u00ed.<\/p>\n\n\t\t<\/div>\n\t<\/div>\n<\/div><\/div><\/div><\/div><div class=\"vc_row-full-width vc_clearfix\"><\/div><div data-vc-full-width=\"true\" data-vc-full-width-init=\"false\" class=\"vc_row wpb_row vc_row-fluid vc_custom_1670718524820 vc_row-has-fill vc_row-o-content-middle vc_row-flex\"><div class=\"wpb_column vc_column_container vc_col-sm-6\"><div class=\"vc_column-inner\"><div class=\"wpb_wrapper\">\n\t<div  class=\"wpb_single_image wpb_content_element vc_align_left\">\n\t\t\n\t\t<figure class=\"wpb_wrapper vc_figure\">\n\t\t\t<div class=\"vc_single_image-wrapper   vc_box_border_grey\"><img loading=\"lazy\" decoding=\"async\" class=\"vc_single_image-img\" src=\"https:\/\/www.ksalps.com\/wp-content\/uploads\/2022\/05\/Kamniska-koca-890x500.jpg\" width=\"890\" height=\"500\" alt=\"Kamni\u0161ka ko\u010da\" title=\"Kamni\u0161ka ko\u010da\" \/><\/div>\n\t\t<\/figure>\n\t<\/div>\n<\/div><\/div><\/div><div class=\"wpb_column vc_column_container vc_col-sm-6\"><div class=\"vc_column-inner\"><div class=\"wpb_wrapper\"><h4 style=\"text-align: left\" class=\"vc_custom_heading\" >Chata Kamnicka ko\u010da na Kamni\u0161sk\u00e9m sedle<\/h4>\n\t<div class=\"wpb_text_column wpb_content_element\" >\n\t\t<div class=\"wpb_wrapper\">\n\t\t\t<p>\u010c\u00edm je Triglav pro Slovince, t\u00edm je Kamni\u0161ko sedlo pro Kamni\u010dany - \u0159\u00edk\u00e1 se, \u017ee by na n\u011bj m\u011bl vystoupit ka\u017ed\u00fd alespo\u0148 jednou. Z \u00fadol\u00ed \u0159eky Kamnicka Bistrica vede do sedla nen\u00e1ro\u010dn\u00e1 zna\u010den\u00e1 stezka, kter\u00e1 pr\u016fm\u011brn\u00e9mu turistovi zabere trv\u00e1 n\u011bco m\u00e1lo pod 4 hodiny. Stezka vede zpo\u010d\u00e1tku lesem, pak stoup\u00e1 \u0161irokou m\u00fdtinou s osam\u011bl\u00fdmi skalami po travnat\u00e9m svahu k chata Kamnicka ko\u010da, kter\u00e1 stoj\u00ed na sva\u017eit\u00e9 stran\u011b Kamnick\u00e9ho sedla mezi Branou a Planjavou. Chatu, kter\u00e1 je od \u010dervna do \u0159\u00edjna otev\u0159ena ka\u017ed\u00fd den a v ostatn\u00edch m\u011bs\u00edc\u00edch o v\u00edkendech, spravuje horolezeck\u00fd spolek Planinsko dru\u0161tvo Kamnik.<\/p>\n\n\t\t<\/div>\n\t<\/div>\n<\/div><\/div><\/div><\/div><div class=\"vc_row-full-width vc_clearfix\"><\/div><div data-vc-full-width=\"true\" data-vc-full-width-init=\"false\" class=\"vc_row wpb_row vc_row-fluid vc_custom_1670718516792 vc_row-has-fill vc_row-o-content-middle vc_row-flex\"><div class=\"wpb_column vc_column_container vc_col-sm-6\"><div class=\"vc_column-inner\"><div class=\"wpb_wrapper\">\n\t<div  class=\"wpb_single_image wpb_content_element vc_align_left\">\n\t\t\n\t\t<figure class=\"wpb_wrapper vc_figure\">\n\t\t\t<div class=\"vc_single_image-wrapper   vc_box_border_grey\"><img loading=\"lazy\" decoding=\"async\" class=\"vc_single_image-img\" src=\"https:\/\/www.ksalps.com\/wp-content\/uploads\/2022\/05\/Storzic-890x500.jpg\" width=\"890\" height=\"500\" alt=\"Stor\u017ei\u010d\" title=\"Stor\u017ei\u010d\" \/><\/div>\n\t\t<\/figure>\n\t<\/div>\n<\/div><\/div><\/div><div class=\"wpb_column vc_column_container vc_col-sm-6\"><div class=\"vc_column-inner\"><div class=\"wpb_wrapper\"><h4 style=\"text-align: left\" class=\"vc_custom_heading\" >Stor\u017ei\u010d<\/h4>\n\t<div class=\"wpb_text_column wpb_content_element\" >\n\t\t<div class=\"wpb_wrapper\">\n\t\t\t<p>Jedn\u00edm z nejobl\u00edben\u011bj\u0161\u00edch v\u00fdstup\u016f v Kamnicko-Savinjsk\u00fdch Alp\u00e1ch je 2 132 metr\u016f vysok\u00fd Stor\u017ei\u010d, nejvy\u0161\u0161\u00ed hora z\u00e1padn\u00ed \u010d\u00e1sti poho\u0159\u00ed. N\u00e1zev Stor\u017ei\u010d je odvozen od ku\u017eelovit\u00e9ho tvaru vrcholu, na kter\u00e9m se nach\u00e1z\u00ed pam\u00e1tn\u00fd k\u0159\u00ed\u017e a vyhl\u00eddkov\u00e1 plo\u0161ina. Prvn\u00edmi objeviteli Stor\u017ei\u010de byli botanici, nebo\u0165 se zde vyskytuje \u0161irok\u00e1 \u0161k\u00e1la vysokohorsk\u00e9 fl\u00f3ry, mezi kterou jde narazit i na vz\u00e1cn\u00fd endemick\u00fd zvonek Zois\u016fv. Na vrchol vede \u0159ada p\u0159\u00edstup\u016f, od velmi obt\u00ed\u017en\u00fdch a\u017e po snadn\u00e9 trasy. Mezi nimi je obl\u00edben\u00e1 ta, kter\u00e1 za\u010d\u00edn\u00e1 ve vesnici Povlje u Preddvoru a lze po n\u00ed za n\u011bco m\u00e1lo p\u0159es 4 hodiny vystoupat do v\u00fd\u0161ky 1422 metr\u016f.<\/p>\n\n\t\t<\/div>\n\t<\/div>\n<\/div><\/div><\/div><\/div><div class=\"vc_row-full-width vc_clearfix\"><\/div><div data-vc-full-width=\"true\" data-vc-full-width-init=\"false\" class=\"vc_row wpb_row vc_row-fluid vc_custom_1670718509387 vc_row-has-fill vc_row-o-content-middle vc_row-flex\"><div class=\"wpb_column vc_column_container vc_col-sm-6\"><div class=\"vc_column-inner\"><div class=\"wpb_wrapper\">\n\t<div  class=\"wpb_single_image wpb_content_element vc_align_left\">\n\t\t\n\t\t<figure class=\"wpb_wrapper vc_figure\">\n\t\t\t<div class=\"vc_single_image-wrapper   vc_box_border_grey\"><img loading=\"lazy\" decoding=\"async\" class=\"vc_single_image-img\" src=\"https:\/\/www.ksalps.com\/wp-content\/uploads\/2022\/05\/Dom-pod-Storzicem-768x500.jpeg\" width=\"768\" height=\"500\" alt=\"Dom pod Stor\u017ei\u010dem\" title=\"Chata Dom pod Stor\u017ei\u010dem\" \/><\/div>\n\t\t<\/figure>\n\t<\/div>\n<\/div><\/div><\/div><div class=\"wpb_column vc_column_container vc_col-sm-6\"><div class=\"vc_column-inner\"><div class=\"wpb_wrapper\"><h4 style=\"text-align: left\" class=\"vc_custom_heading\" >Chata Dom pod Stor\u017ei\u010dem<\/h4>\n\t<div class=\"wpb_text_column wpb_content_element\" >\n\t\t<div class=\"wpb_wrapper\">\n\t\t\t<p>Obl\u00edben\u00fdm v\u00fdchoz\u00edm bodem pro v\u00fdstup na horu Stor\u017ei\u010d je tak\u00e9 horsk\u00e1 chata Dom pod Stor\u017ei\u010dem, kter\u00e1 je v nadmo\u0159sk\u00e9 v\u00fd\u0161ce 1 123 metr\u016f dostupn\u00e1 i autem. Chata, kter\u00e1 se py\u0161n\u00ed i titulem Rodin\u00e1m p\u0159\u00e1telsk\u00e1 chata, je po cel\u00fd rok hojn\u011b nav\u0161t\u011bvov\u00e1na turisty a horsk\u00fdmi cyklisty, v zim\u011b je zn\u00e1m\u00e1 zejm\u00e9na mezi s\u00e1\u0148ka\u0159i. Krom\u011b dobr\u00e9ho j\u00eddla, p\u0159es vydatn\u00e9 pol\u00e9vky, horalsk\u00e9 pokrmy a\u017e po dezerty, nab\u00edz\u00ed tak\u00e9 mo\u017enost p\u0159enocov\u00e1n\u00ed.<\/p>\n\n\t\t<\/div>\n\t<\/div>\n<\/div><\/div><\/div><\/div><div class=\"vc_row-full-width vc_clearfix\"><\/div><div data-vc-full-width=\"true\" data-vc-full-width-init=\"false\" class=\"vc_row wpb_row vc_row-fluid vc_custom_1670718501713 vc_row-has-fill vc_row-o-content-middle vc_row-flex\"><div class=\"wpb_column vc_column_container vc_col-sm-6\"><div class=\"vc_column-inner\"><div class=\"wpb_wrapper\">\n\t<div  class=\"wpb_single_image wpb_content_element vc_align_left\">\n\t\t\n\t\t<figure class=\"wpb_wrapper vc_figure\">\n\t\t\t<div class=\"vc_single_image-wrapper   vc_box_border_grey\"><img loading=\"lazy\" decoding=\"async\" class=\"vc_single_image-img\" src=\"https:\/\/www.ksalps.com\/wp-content\/uploads\/2022\/05\/Bivak_pod_Skuto_Jost_Gantar-3-890x500.jpg\" width=\"890\" height=\"500\" alt=\"Bivak_pod_Skuto_Jost_Gantar-3\" title=\"Bivak_pod_Skuto_Jost_Gantar-3\" \/><\/div>\n\t\t<\/figure>\n\t<\/div>\n<\/div><\/div><\/div><div class=\"wpb_column vc_column_container vc_col-sm-6\"><div class=\"vc_column-inner\"><div class=\"wpb_wrapper\"><h4 style=\"text-align: left\" class=\"vc_custom_heading\" >Skuta a bivak pod Skutou<\/h4>\n\t<div class=\"wpb_text_column wpb_content_element\" >\n\t\t<div class=\"wpb_wrapper\">\n\t\t\t<p>T\u0159et\u00edm nejvy\u0161\u0161\u00edm vrcholem Kamnicko-Savinjsk\u00fdch Alp je s nadmo\u0159skou v\u00fd\u0161kou 2 532 metr\u016f hora Skuta a v\u00fdstup na ni pat\u0159\u00ed k t\u011bm obt\u00ed\u017en\u011bj\u0161\u00edm. Je tak\u00e9 jednou z nejnav\u0161t\u011bvovan\u011bj\u0161\u00edch, a to d\u00edky n\u00e1dhern\u00fdm rozhled\u016fm a pohled\u016fm do \u00fadol\u00ed. Kousek pod vrcholem, ve skalnat\u00e9 krajin\u011b zvan\u00e9 Mali podi, se nach\u00e1z\u00ed jeden z nejkr\u00e1sn\u011bj\u0161\u00edch nouzov\u00fdch nocoven v na\u0161ich hor\u00e1ch, bivak pod Skutou. Byl vybudov\u00e1n v roce 2015 a pod\u00edlelo se na n\u011bm velk\u00e9 mno\u017estv\u00ed odborn\u00edk\u016f z r\u016fzn\u00fdch obor\u016f, z nich\u017e v\u011bt\u0161ina pracovala jako dobrovoln\u00edci.<\/p>\n\n\t\t<\/div>\n\t<\/div>\n<\/div><\/div><\/div><\/div><div class=\"vc_row-full-width vc_clearfix\"><\/div><div data-vc-full-width=\"true\" data-vc-full-width-init=\"false\" class=\"vc_row wpb_row vc_row-fluid vc_custom_1670718493392 vc_row-has-fill vc_row-o-content-middle vc_row-flex\"><div class=\"wpb_column vc_column_container vc_col-sm-6\"><div class=\"vc_column-inner\"><div class=\"wpb_wrapper\">\n\t<div  class=\"wpb_single_image wpb_content_element vc_align_left\">\n\t\t\n\t\t<figure class=\"wpb_wrapper vc_figure\">\n\t\t\t<div class=\"vc_single_image-wrapper   vc_box_border_grey\"><img loading=\"lazy\" decoding=\"async\" class=\"vc_single_image-img\" src=\"https:\/\/www.ksalps.com\/wp-content\/uploads\/2022\/05\/Ferata-890x500.jpg\" width=\"890\" height=\"500\" alt=\"Ferata\" title=\"Ferata\" \/><\/div>\n\t\t<\/figure>\n\t<\/div>\n<\/div><\/div><\/div><div class=\"wpb_column vc_column_container vc_col-sm-6\"><div class=\"vc_column-inner\"><div class=\"wpb_wrapper\"><h4 style=\"text-align: left\" class=\"vc_custom_heading\" >Via Ferrata \u010ce\u0161ka ko\u010da<\/h4>\n\t<div class=\"wpb_text_column wpb_content_element\" >\n\t\t<div class=\"wpb_wrapper\">\n\t\t\t<p>Vypravte se na prvn\u00ed sportovn\u00ed ferratu ve slovinsk\u00fdch Alp\u00e1ch a jednu z t\u011bch n\u00e1ro\u010dn\u011bj\u0161\u00edch ve Slovinsku - Via Ferrata \u010ce\u0161ka ko\u010da. Vychutnejte si n\u00e1dhern\u00e9 v\u00fdhledy do \u00fadol\u00ed Ravenska ko\u010dna, kter\u00e9 v\u00e1s uchv\u00e1t\u00ed natolik, \u017ee se budete muset zastavit a kochat se. Ferrata m\u00e1 v\u00fd\u0161kov\u00fd rozd\u00edl p\u0159ibli\u017en\u011b 300 metr\u016f a trv\u00e1 necel\u00e9 dv\u011b hodiny. Po ob\u010derstven\u00ed v chat\u011b se m\u016f\u017eete vr\u00e1tit do \u00fadol\u00ed leh\u010d\u00ed trasou, kter\u00e1 je obl\u00edben\u00e1 i pro rodinn\u00e9 t\u00fary.<\/p>\n\n\t\t<\/div>\n\t<\/div>\n<\/div><\/div><\/div><\/div><div class=\"vc_row-full-width vc_clearfix\"><\/div>\n<\/section>","protected":false},"excerpt":{"rendered":"Kamni\u0161ko-Savinjske Alpe se pona\u0161ajo z ve\u010d kot 30 vrhovi, katerih nadmorska vi\u0161ina sega nad 2.000 metrov. Po besedah enega najbolj uspe\u0161nih slovenskih alpinistov, ki je tudi edini \u0161tirikratni dobitnik alpinisti\u010dne nagrade zlati cepin, je njihova prednost \"pestrost in obvladljivost\". Pravi tudi, da se tukaj \"v vseh letnih \u010dasih lahko znajdemo v razli\u010dnih situacijah in pogojih, [...]","protected":false},"author":1,"featured_media":0,"parent":0,"menu_order":0,"comment_status":"closed","ping_status":"closed","template":"","meta":{"footnotes":""},"class_list":["post-2854","page","type-page","status-publish","hentry"],"_links":{"self":[{"href":"https:\/\/www.ksalps.com\/cs\/wp-json\/wp\/v2\/pages\/2854","targetHints":{"allow":["GET"]}}],"collection":[{"href":"https:\/\/www.ksalps.com\/cs\/wp-json\/wp\/v2\/pages"}],"about":[{"href":"https:\/\/www.ksalps.com\/cs\/wp-json\/wp\/v2\/types\/page"}],"author":[{"embeddable":true,"href":"https:\/\/www.ksalps.com\/cs\/wp-json\/wp\/v2\/users\/1"}],"replies":[{"embeddable":true,"href":"https:\/\/www.ksalps.com\/cs\/wp-json\/wp\/v2\/comments?post=2854"}],"version-history":[{"count":13,"href":"https:\/\/www.ksalps.com\/cs\/wp-json\/wp\/v2\/pages\/2854\/revisions"}],"predecessor-version":[{"id":3338,"href":"https:\/\/www.ksalps.com\/cs\/wp-json\/wp\/v2\/pages\/2854\/revisions\/3338"}],"wp:attachment":[{"href":"https:\/\/www.ksalps.com\/cs\/wp-json\/wp\/v2\/media?parent=2854"}],"curies":[{"name":"wp","href":"https:\/\/api.w.org\/{rel}","templated":true}]}}