{"id":2851,"date":"2022-04-08T16:02:37","date_gmt":"2022-04-08T15:02:37","guid":{"rendered":"https:\/\/www.ksalps.com\/?page_id=2851"},"modified":"2025-05-19T08:37:59","modified_gmt":"2025-05-19T06:37:59","slug":"kolesarjenje","status":"publish","type":"page","link":"https:\/\/www.ksalps.com\/cs\/kolesarjenje\/","title":{"rendered":"Cyklistika"},"content":{"rendered":"<section class=\"wpb-content-wrapper\"><div data-vc-full-width=\"true\" data-vc-full-width-init=\"false\" class=\"vc_row wpb_row vc_row-fluid vc_custom_1639489566356 vc_row-has-fill\"><div class=\"wpb_column vc_column_container vc_col-sm-12\"><div class=\"vc_column-inner\"><div class=\"wpb_wrapper\">\n\t<div class=\"wpb_text_column wpb_content_element\" >\n\t\t<div class=\"wpb_wrapper\">\n\t\t\t<h4 style=\"text-align: left;\">Mo\u017enost\u00ed pro silni\u010dn\u00ed i horskou cyklistiku je u n\u00e1s nep\u0159ebern\u011b, a d\u00edky \u010dlenit\u00e9mu ter\u00e9nu si nejv\u00edce u\u017eij\u00ed n\u00e1ro\u010dn\u011bj\u0161\u00ed cyklist\u00e9. Pro silni\u010dn\u00ed cyklisty je nejobl\u00edben\u011bj\u0161\u00ed vyhl\u00eddkov\u00e1 trasa Maraton Alpe, kter\u00e1 je provede kolem Kamnicko-Savinjsk\u00fdch Alp. Je dlouh\u00e1 130 km a p\u0159ekon\u00e1te na n\u00ed t\u0159i alpsk\u00e9 pr\u016fsmyky: Jezerski Vrh, Pavli\u010devo sedlo a \u010crnivec - s celkov\u00fdm p\u0159ev\u00fd\u0161en\u00edm celkem 2 000 m. Milovn\u00edk\u016fm horsk\u00fdch kol pak malebn\u00e9 cesty a stezky nab\u00edzej\u00ed p\u0159\u00edjemn\u011b \u010dlenit\u00fd ter\u00e9n.<\/h4>\n\n\t\t<\/div>\n\t<\/div>\n<\/div><\/div><\/div><\/div><div class=\"vc_row-full-width vc_clearfix\"><\/div><div data-vc-full-width=\"true\" data-vc-full-width-init=\"false\" class=\"vc_row wpb_row vc_row-fluid vc_custom_1670718569649 vc_row-has-fill vc_row-o-content-middle vc_row-flex\"><div class=\"wpb_column vc_column_container vc_col-sm-6\"><div class=\"vc_column-inner\"><div class=\"wpb_wrapper\">\n\t<div  class=\"wpb_single_image wpb_content_element vc_align_left\">\n\t\t\n\t\t<figure class=\"wpb_wrapper vc_figure\">\n\t\t\t<div class=\"vc_single_image-wrapper   vc_box_border_grey\"><img loading=\"lazy\" decoding=\"async\" width=\"900\" height=\"600\" src=\"https:\/\/www.ksalps.com\/wp-content\/uploads\/2022\/05\/Maraton-Alpe.jpg\" class=\"vc_single_image-img attachment-full\" alt=\"\" title=\"Maraton Alpe\" srcset=\"https:\/\/www.ksalps.com\/wp-content\/uploads\/2022\/05\/Maraton-Alpe.jpg 900w, https:\/\/www.ksalps.com\/wp-content\/uploads\/2022\/05\/Maraton-Alpe-300x200.jpg 300w, https:\/\/www.ksalps.com\/wp-content\/uploads\/2022\/05\/Maraton-Alpe-768x512.jpg 768w, https:\/\/www.ksalps.com\/wp-content\/uploads\/2022\/05\/Maraton-Alpe-80x53.jpg 80w, https:\/\/www.ksalps.com\/wp-content\/uploads\/2022\/05\/Maraton-Alpe-18x12.jpg 18w\" sizes=\"auto, (max-width: 900px) 100vw, 900px\" \/><\/div>\n\t\t<\/figure>\n\t<\/div>\n<\/div><\/div><\/div><div class=\"wpb_column vc_column_container vc_col-sm-6\"><div class=\"vc_column-inner\"><div class=\"wpb_wrapper\"><h4 style=\"text-align: left\" class=\"vc_custom_heading\" >Maraton Alpe<\/h4>\n\t<div class=\"wpb_text_column wpb_content_element\" >\n\t\t<div class=\"wpb_wrapper\">\n\t\t\t<p>Cyklist\u00e9, kte\u0159\u00ed projeli Kamnicko-Savinjsk\u00e9 Alpy, tvrd\u00ed, \u017ee Maraton Alpe je jedn\u00edm z nejt\u011b\u017e\u0161\u00edch, ale tak\u00e9 nejkr\u00e1sn\u011bj\u0161\u00edch cyklistick\u00fdch z\u00e1vod\u016f ve Slovinsku. Trasa dlouh\u00e1 130 kilometr\u016f se t\u0159emi pr\u016fsmyky a p\u0159ev\u00fd\u0161en\u00edm 2 000 metr\u016f je jedine\u010dnou v\u00fdzvou pro ka\u017ed\u00e9ho rekrea\u010dn\u00edho cyklistu a nejrychlej\u0161\u00ed cyklist\u00e9 ji zvl\u00e1dnou za n\u011bco m\u00e1lo p\u0159es 3 a p\u016fl hodiny. V\u00edt\u011bzstv\u00edm tohoto malebn\u00e9ho maraton se py\u0161n\u00ed tak\u00e9 Primo\u017e Rogli\u010d (2012) a Luka Mezgec (2009), kte\u0159\u00ed se pozd\u011bji stali profesion\u00e1ln\u00edmi jezdci. Pro v\u0161echny ty, kte\u0159\u00ed nejsou na hlavn\u00ed z\u00e1vod dostate\u010dn\u011b p\u0159ipraveni, p\u0159idali po\u0159adatel\u00e9 v posledn\u00edch letech speci\u00e1ln\u00ed kategorii - elektrokola.<\/p>\n\n\t\t<\/div>\n\t<\/div>\n\n\t<div class=\"wpb_text_column wpb_content_element\" >\n\t\t<div class=\"wpb_wrapper\">\n\t\t\t<h5><a href=\"https:\/\/www.outdooractive.com\/en\/route\/road-cycling\/upper-carniola\/maraton-alpe\/40898648\/\">Maraton Alpe<\/a><\/h5>\n\n\t\t<\/div>\n\t<\/div>\n<\/div><\/div><\/div><\/div><div class=\"vc_row-full-width vc_clearfix\"><\/div><div data-vc-full-width=\"true\" data-vc-full-width-init=\"false\" class=\"vc_row wpb_row vc_row-fluid vc_custom_1670718577469 vc_row-has-fill vc_row-o-content-middle vc_row-flex\"><div class=\"wpb_column vc_column_container vc_col-sm-6\"><div class=\"vc_column-inner\"><div class=\"wpb_wrapper\">\n\t<div  class=\"wpb_single_image wpb_content_element vc_align_left\">\n\t\t\n\t\t<figure class=\"wpb_wrapper vc_figure\">\n\t\t\t<div class=\"vc_single_image-wrapper   vc_box_border_grey\"><img loading=\"lazy\" decoding=\"async\" class=\"vc_single_image-img\" src=\"https:\/\/www.ksalps.com\/wp-content\/uploads\/2022\/05\/self_guided-890x500.jpg\" width=\"890\" height=\"500\" alt=\"self_guided\" title=\"self_guided\" \/><\/div>\n\t\t<\/figure>\n\t<\/div>\n<\/div><\/div><\/div><div class=\"wpb_column vc_column_container vc_col-sm-6\"><div class=\"vc_column-inner\"><div class=\"wpb_wrapper\"><h4 style=\"text-align: left\" class=\"vc_custom_heading\" >Self guided tour (cyklistick\u00fd v\u00fdlet po vlastn\u00ed ose)<\/h4>\n\t<div class=\"wpb_text_column wpb_content_element\" >\n\t\t<div class=\"wpb_wrapper\">\n\t\t\t<p>Pro ty, kte\u0159\u00ed d\u00e1vaj\u00ed p\u0159ednost pozn\u00e1v\u00e1n\u00ed na vlastn\u00ed p\u011bst, jsme p\u0159ipravili cyklistickou dovolenou, kter\u00e1 v\u00e1s zavede na 8 denn\u00ed trasu z\u00e1vodu Maraton Alpe kolem Kamnicko-Savinjsk\u00fdch Alp, na Bled a do Lublan\u011b. Nenechte si uj\u00edt p\u0159\u00edle\u017eitost obdivovat \u00fa\u017easn\u00e9 v\u00fdhledy na slovinsk\u00e9 Alpy, p\u0159enocov\u00e1n\u00ed v \u00fatuln\u00e9m m\u00edstn\u00edm ubytov\u00e1n\u00ed a p\u0159edev\u0161\u00edm vynikaj\u00edc\u00ed slovinsk\u00e9 j\u00eddlo. Itiner\u00e1\u0159 je vhodn\u00fd i pro m\u00e9n\u011b zdatn\u00e9 cyklisty, kte\u0159\u00ed mohou na n\u00e1ro\u010dn\u011bj\u0161\u00edch \u00fasec\u00edch trasy vyu\u017e\u00edt hromadnou dopravu.<\/p>\n\n\t\t<\/div>\n\t<\/div>\n\n\t<div class=\"wpb_text_column wpb_content_element\" >\n\t\t<div class=\"wpb_wrapper\">\n\t\t\t<h5><a href=\"https:\/\/feelgreentravel.com\/tours\/boutique-self-guided-cycling-holidays-in-slovenia\/\">Rezervujte nyn\u00ed<\/a><\/h5>\n\n\t\t<\/div>\n\t<\/div>\n<\/div><\/div><\/div><\/div><div class=\"vc_row-full-width vc_clearfix\"><\/div><div data-vc-full-width=\"true\" data-vc-full-width-init=\"false\" class=\"vc_row wpb_row vc_row-fluid vc_custom_1670718585292 vc_row-has-fill vc_row-o-content-middle vc_row-flex\"><div class=\"wpb_column vc_column_container vc_col-sm-6\"><div class=\"vc_column-inner\"><div class=\"wpb_wrapper\">\n\t<div  class=\"wpb_single_image wpb_content_element vc_align_left\">\n\t\t\n\t\t<figure class=\"wpb_wrapper vc_figure\">\n\t\t\t<div class=\"vc_single_image-wrapper   vc_box_border_grey\"><img loading=\"lazy\" decoding=\"async\" class=\"vc_single_image-img\" src=\"https:\/\/www.ksalps.com\/wp-content\/uploads\/2022\/05\/MTB-Krvavec-890x500.jpg\" width=\"890\" height=\"500\" alt=\"MTB Krvavec\" title=\"MTB Krvavec\" \/><\/div>\n\t\t<\/figure>\n\t<\/div>\n<\/div><\/div><\/div><div class=\"wpb_column vc_column_container vc_col-sm-6\"><div class=\"vc_column-inner\"><div class=\"wpb_wrapper\"><h4 style=\"text-align: left\" class=\"vc_custom_heading\" >Bike park Krvavec<\/h4>\n\t<div class=\"wpb_text_column wpb_content_element\" >\n\t\t<div class=\"wpb_wrapper\">\n\t\t\t<p>V Kamnicko-Savinjsk\u00fdch Alp\u00e1ch najdou sv\u016fj r\u00e1j i cyklist\u00e9 prahnouc\u00ed po adrenalinu, proto\u017ee Bike park Krvavec se py\u0161n\u00ed 6 zna\u010den\u00fdmi trasami pro horsk\u00e1 kola s nejvy\u0161\u0161\u00edm p\u0159ev\u00fd\u0161en\u00edm mezi bikeparky ve Slovinsku. Bike park, kter\u00fd byl v roce 2021 za\u0159azen mezi 21 nejlep\u0161\u00edch v Evrop\u011b, nab\u00edz\u00ed trasy pro v\u0161echny cyklistick\u00e9 \u00farovn\u011b zdatnosti a od roku 2018 se m\u016f\u017ee pochlubit tak\u00e9 t\u00e9m\u011b\u0159 10-ti kilometrov\u00fdm sjezdem, kter\u00fd vede a\u017e k doln\u00ed stanici kabinov\u00e9 lanovky.<\/p>\n\n\t\t<\/div>\n\t<\/div>\n\n\t<div class=\"wpb_text_column wpb_content_element\" >\n\t\t<div class=\"wpb_wrapper\">\n\t\t\t<h5><a href=\"https:\/\/www.rtc-krvavec.si\/si\/dozivetje\/bike-park\">Bike park Krvavec<\/a><\/h5>\n\n\t\t<\/div>\n\t<\/div>\n<\/div><\/div><\/div><\/div><div class=\"vc_row-full-width vc_clearfix\"><\/div><div data-vc-full-width=\"true\" data-vc-full-width-init=\"false\" class=\"vc_row wpb_row vc_row-fluid vc_custom_1670718593714 vc_row-has-fill vc_row-o-content-middle vc_row-flex\"><div class=\"wpb_column vc_column_container vc_col-sm-6\"><div class=\"vc_column-inner\"><div class=\"wpb_wrapper\">\n\t<div  class=\"wpb_single_image wpb_content_element vc_align_left\">\n\t\t\n\t\t<figure class=\"wpb_wrapper vc_figure\">\n\t\t\t<div class=\"vc_single_image-wrapper   vc_box_border_grey\"><img loading=\"lazy\" decoding=\"async\" class=\"vc_single_image-img\" src=\"https:\/\/www.ksalps.com\/wp-content\/uploads\/2022\/05\/Vzpon-na-Krvavec-890x500.jpg\" width=\"890\" height=\"500\" alt=\"Vzpon na Krvavec\" title=\"V\u00fd\u0161lap na Krvavec\" \/><\/div>\n\t\t<\/figure>\n\t<\/div>\n<\/div><\/div><\/div><div class=\"wpb_column vc_column_container vc_col-sm-6\"><div class=\"vc_column-inner\"><div class=\"wpb_wrapper\"><h4 style=\"text-align: left\" class=\"vc_custom_heading\" >V\u00fd\u0161lap na Krvavec<\/h4>\n\t<div class=\"wpb_text_column wpb_content_element\" >\n\t\t<div class=\"wpb_wrapper\">\n\t\t\t<p>Dal\u0161\u00edm unik\u00e1tn\u00edm cyklistick\u00fdm z\u00e1vodem v Kamnicko-Savinjsk\u00fdch Alp\u00e1ch je \"Vzpon na Krvavec\", kter\u00e9mu svou obt\u00ed\u017enost\u00ed konkuruje pouze v\u00fdstup do sedla Mangart (Julsk\u00e9 alpy). Stoup\u00e1n\u00ed dlouh\u00e9 n\u011bco p\u0159es 11 kilometr\u016f, p\u0159i kter\u00e9m cyklist\u00e9 p\u0159ekonaj\u00ed 960 v\u00fd\u0161kov\u00fdch metr\u016f (start ve 460 metrech, c\u00edl ve 1421 metrech), m\u00e1 pr\u016fm\u011brn\u00fd sklon 8 procent, v nejstrm\u011bj\u0161\u00edch \u010d\u00e1stech a\u017e 17 procent. A\u010dkoli Tadej Poga\u010dar dr\u017e\u00ed nejlep\u0161\u00ed \u010das (v aplikaci Strava) 33:51, c\u00edlov\u00e9 stoup\u00e1n\u00ed na Ambro\u017e pod Krvavcem vyhr\u00e1l v p\u0159\u00edm\u00e9m souboji s n\u00edm na mistrovstv\u00ed republiky v silni\u010dn\u00ed cyklistice v roce 2020 Primo\u017e Rogli\u010d.<\/p>\n\n\t\t<\/div>\n\t<\/div>\n<\/div><\/div><\/div><\/div><div class=\"vc_row-full-width vc_clearfix\"><\/div>\n<\/section>","protected":false},"excerpt":{"rendered":"Mo\u017enosti za cestno in gorsko kolesarjenje je ogromno, zaradi velike razgibanosti terena pa bodo najbolj u\u017eivali nekoliko zahtevnej\u0161i kolesarji. Med cestnimi kolesarji je zagotovo najbolj priljubljena slikovita trasa Maratona Alpe, ki vas bo popeljala okoli Kamni\u0161ko-Savinjskih Alp. Dolga je 130 km, na njej pa premagate pa kar tri alpske prelaze: Jezerski Vrh, Pavli\u010devo sedlo in [...]","protected":false},"author":1,"featured_media":0,"parent":0,"menu_order":0,"comment_status":"closed","ping_status":"closed","template":"","meta":{"footnotes":""},"class_list":["post-2851","page","type-page","status-publish","hentry"],"_links":{"self":[{"href":"https:\/\/www.ksalps.com\/cs\/wp-json\/wp\/v2\/pages\/2851","targetHints":{"allow":["GET"]}}],"collection":[{"href":"https:\/\/www.ksalps.com\/cs\/wp-json\/wp\/v2\/pages"}],"about":[{"href":"https:\/\/www.ksalps.com\/cs\/wp-json\/wp\/v2\/types\/page"}],"author":[{"embeddable":true,"href":"https:\/\/www.ksalps.com\/cs\/wp-json\/wp\/v2\/users\/1"}],"replies":[{"embeddable":true,"href":"https:\/\/www.ksalps.com\/cs\/wp-json\/wp\/v2\/comments?post=2851"}],"version-history":[{"count":21,"href":"https:\/\/www.ksalps.com\/cs\/wp-json\/wp\/v2\/pages\/2851\/revisions"}],"predecessor-version":[{"id":4026,"href":"https:\/\/www.ksalps.com\/cs\/wp-json\/wp\/v2\/pages\/2851\/revisions\/4026"}],"wp:attachment":[{"href":"https:\/\/www.ksalps.com\/cs\/wp-json\/wp\/v2\/media?parent=2851"}],"curies":[{"name":"wp","href":"https:\/\/api.w.org\/{rel}","templated":true}]}}