{"id":2831,"date":"2022-02-08T16:42:22","date_gmt":"2022-02-08T15:42:22","guid":{"rendered":"https:\/\/www.ksalps.com\/?page_id=2831"},"modified":"2025-11-20T09:26:18","modified_gmt":"2025-11-20T08:26:18","slug":"pohodnistvo","status":"publish","type":"page","link":"https:\/\/www.ksalps.com\/cs\/pohodnistvo\/","title":{"rendered":"P\u011b\u0161\u00ed turistika"},"content":{"rendered":"<section class=\"wpb-content-wrapper\"><div data-vc-full-width=\"true\" data-vc-full-width-init=\"false\" class=\"vc_row wpb_row vc_row-fluid vc_custom_1639489566356 vc_row-has-fill\"><div class=\"wpb_column vc_column_container vc_col-sm-12\"><div class=\"vc_column-inner\"><div class=\"wpb_wrapper\">\n\t<div class=\"wpb_text_column wpb_content_element\" >\n\t\t<div class=\"wpb_wrapper\">\n\t\t\t<h4 style=\"text-align: left;\">P\u011b\u0161\u00ed turistika zapad\u00e1 do trvale udr\u017eiteln\u00e9ho \u017eivotn\u00edho stylu m\u00edstn\u00edch obyvatel, kter\u00fd sd\u00edlej\u00ed se v\u0161emi, kte\u0159\u00ed p\u0159ij\u00ed\u017ed\u011bj\u00ed jako p\u0159\u00e1tel\u00e9. Je zde hust\u00e1 s\u00ed\u0165 zna\u010den\u00fdch turistick\u00fdch tras, kter\u00e9 vedou do nejkr\u00e1sn\u011bj\u0161\u00edch kout\u016f Kamnicko-Savinjsk\u00fdch Alp. Na tematick\u00fdch p\u011b\u0161\u00edch stezk\u00e1ch m\u016f\u017eete objevovat rozmanit\u00e9 p\u0159\u00edb\u011bhy t\u011bchto m\u00edst, vystoupat na nejvy\u0161\u0161\u00ed hory po dob\u0159e udr\u017eovan\u00fdch horsk\u00fdch stezk\u00e1ch nebo se vydat na v\u00edcedenn\u00ed horsk\u00e9 dobrodru\u017estv\u00ed s pr\u016fvodcem.<\/h4>\n\n\t\t<\/div>\n\t<\/div>\n<\/div><\/div><\/div><\/div><div class=\"vc_row-full-width vc_clearfix\"><\/div><div data-vc-full-width=\"true\" data-vc-full-width-init=\"false\" class=\"vc_row wpb_row vc_row-fluid vc_custom_1667914866851 vc_row-has-fill vc_row-o-content-middle vc_row-flex\"><div class=\"wpb_column vc_column_container vc_col-sm-6\"><div class=\"vc_column-inner\"><div class=\"wpb_wrapper\">\n\t<div  class=\"wpb_single_image wpb_content_element vc_align_left\">\n\t\t\n\t\t<figure class=\"wpb_wrapper vc_figure\">\n\t\t\t<div class=\"vc_single_image-wrapper   vc_box_border_grey\"><img loading=\"lazy\" decoding=\"async\" width=\"2560\" height=\"1707\" src=\"https:\/\/www.ksalps.com\/wp-content\/uploads\/2022\/05\/2_Soteska-Predaselj-Kamniska-Bistrica_Bostjan-Tacol_Sklop-1-1-scaled.jpg\" class=\"vc_single_image-img attachment-full\" alt=\"\" title=\"2_Soteska Predaselj - Kamni\u0161ka Bistrica_Bo\u0161tjan Tacol_Sklop 1\" srcset=\"https:\/\/www.ksalps.com\/wp-content\/uploads\/2022\/05\/2_Soteska-Predaselj-Kamniska-Bistrica_Bostjan-Tacol_Sklop-1-1-scaled.jpg 2560w, https:\/\/www.ksalps.com\/wp-content\/uploads\/2022\/05\/2_Soteska-Predaselj-Kamniska-Bistrica_Bostjan-Tacol_Sklop-1-1-300x200.jpg 300w, https:\/\/www.ksalps.com\/wp-content\/uploads\/2022\/05\/2_Soteska-Predaselj-Kamniska-Bistrica_Bostjan-Tacol_Sklop-1-1-1024x683.jpg 1024w, https:\/\/www.ksalps.com\/wp-content\/uploads\/2022\/05\/2_Soteska-Predaselj-Kamniska-Bistrica_Bostjan-Tacol_Sklop-1-1-768x512.jpg 768w, https:\/\/www.ksalps.com\/wp-content\/uploads\/2022\/05\/2_Soteska-Predaselj-Kamniska-Bistrica_Bostjan-Tacol_Sklop-1-1-80x53.jpg 80w, https:\/\/www.ksalps.com\/wp-content\/uploads\/2022\/05\/2_Soteska-Predaselj-Kamniska-Bistrica_Bostjan-Tacol_Sklop-1-1-1536x1024.jpg 1536w, https:\/\/www.ksalps.com\/wp-content\/uploads\/2022\/05\/2_Soteska-Predaselj-Kamniska-Bistrica_Bostjan-Tacol_Sklop-1-1-2048x1365.jpg 2048w, https:\/\/www.ksalps.com\/wp-content\/uploads\/2022\/05\/2_Soteska-Predaselj-Kamniska-Bistrica_Bostjan-Tacol_Sklop-1-1-18x12.jpg 18w\" sizes=\"auto, (max-width: 2560px) 100vw, 2560px\" \/><\/div>\n\t\t<\/figure>\n\t<\/div>\n<\/div><\/div><\/div><div class=\"wpb_column vc_column_container vc_col-sm-6\"><div class=\"vc_column-inner\"><div class=\"wpb_wrapper\"><h4 style=\"text-align: left\" class=\"vc_custom_heading\" >S\u00ed\u0165 vodn\u00edch stezek<\/h4>\n\t<div class=\"wpb_text_column wpb_content_element\" >\n\t\t<div class=\"wpb_wrapper\">\n\t\t\t<p>Voda je n\u00e1\u0161e nejv\u011bt\u0161\u00ed bohatsv\u00ed! Osv\u011b\u017ete se v mnoha pramenech pitn\u00e9 vody v s\u00edti vodn\u00edch stezek, kter\u00e9 se propojuj\u00ed a tvo\u0159\u00ed okru\u017en\u00ed trasu kolem Kamnicko-Savinjsk\u00fdch Alp. Na t\u00e9m\u011b\u0159 100 kilometrech tras, kter\u00e9 vedou po zn\u00e1m\u00fdch turistick\u00fdch cest\u00e1ch, m\u016f\u017eete p\u0159ekonat v\u00edce ne\u017e 5 000 v\u00fd\u0161kov\u00fdch metr\u016f (v\u00fdstupy a sestupy). Za\u017eijte jedine\u010dnost osv\u011b\u017een\u00ed \u010distou a pr\u016fzra\u010dnou vodou p\u0159\u00edmo z pramene a z\u00e1rove\u0148 objevte p\u0159\u00edb\u011bhy vodn\u00edch tok\u016f, kter\u00e9 odhaluj\u00ed tajemstv\u00ed t\u00e9to oblasti.<\/p>\n\n\t\t<\/div>\n\t<\/div>\n\n\t<div class=\"wpb_text_column wpb_content_element\" >\n\t\t<div class=\"wpb_wrapper\">\n\t\t\t<h5><a href=\"https:\/\/www.youtube.com\/watch?v=Vyxce4rJCHU\">Prozkoumejte v\u00edce<\/a><\/h5>\n\n\t\t<\/div>\n\t<\/div>\n<\/div><\/div><\/div><\/div><div class=\"vc_row-full-width vc_clearfix\"><\/div><div data-vc-full-width=\"true\" data-vc-full-width-init=\"false\" class=\"vc_row wpb_row vc_row-fluid vc_custom_1667914873913 vc_row-has-fill vc_row-o-content-middle vc_row-flex\"><div class=\"wpb_column vc_column_container vc_col-sm-6\"><div class=\"vc_column-inner\"><div class=\"wpb_wrapper\">\n\t<div  class=\"wpb_single_image wpb_content_element vc_align_left\">\n\t\t\n\t\t<figure class=\"wpb_wrapper vc_figure\">\n\t\t\t<div class=\"vc_single_image-wrapper   vc_box_border_grey\"><img loading=\"lazy\" decoding=\"async\" class=\"vc_single_image-img\" src=\"https:\/\/www.ksalps.com\/wp-content\/uploads\/2022\/05\/51_Velika-planina_Alenka-Hribar-scaled-890x500.jpg\" width=\"890\" height=\"500\" alt=\"51_Velika planina_Alenka Hribar\" title=\"51_Velika planina_Alenka Hribar\" \/><\/div>\n\t\t<\/figure>\n\t<\/div>\n<\/div><\/div><\/div><div class=\"wpb_column vc_column_container vc_col-sm-6\"><div class=\"vc_column-inner\"><div class=\"wpb_wrapper\"><h4 style=\"text-align: left\" class=\"vc_custom_heading\" >Velika planina a Svat\u00fd Primo\u017e nad Kamnikom<\/h4>\n\t<div class=\"wpb_text_column wpb_content_element\" >\n\t\t<div class=\"wpb_wrapper\">\n\t\t\t<p>Nav\u0161tivte Velikou planinu, kter\u00e1 se py\u0161n\u00ed nejv\u00fd\u0161e polo\u017eenou a st\u00e1le aktivn\u00ed past\u00fd\u0159skou osadou a je p\u0159\u00edstupn\u00e1 n\u011bkolika zp\u016fsoby. Nejobl\u00edben\u011bj\u0161\u00ed je z \u00fadol\u00ed \u0159eky Kamni\u0161ka Bistrica seda\u010dkovou lanovkou, kter\u00e1 pat\u0159\u00ed k udr\u017eiteln\u011b \u0161etrn\u00fdm zp\u016fsob\u016fm n\u00e1v\u0161t\u011bvy. M\u00edstn\u00ed obyvatel\u00e9 a rodiny rad\u011bji vyu\u017e\u00edvaj\u00ed jako v\u00fdchoz\u00ed bod dob\u0159e udr\u017eovan\u00e9, ale zpoplatn\u011bn\u00e9 parkovi\u0161t\u011b Rakove Ravni (p\u0159\u00edstup p\u0159es pr\u016fsmyk Volovjek), zat\u00edmco l\u00e9pe p\u0159ipraven\u00ed turist\u00e9 m\u00ed\u0159\u00ed na horu p\u0159\u00edmo ze Stahovice a kolem kostela svat\u00e9ho Primo\u017ee a Felicijana nad Kamnikem, kter\u00fd je rovn\u011b\u017e obl\u00edben\u00fdm v\u00fdletn\u00edm c\u00edlem. Velkou planinu si m\u016f\u017eete prohl\u00e9dnout na okru\u017en\u00ed trase \"Po stop\u00e1ch past\u00fd\u0159\u016f\", kde v\u00e1s na dvouhodinov\u00e9 trase p\u0159iv\u00edt\u00e1 11 informa\u010dn\u00edch tabul\u00ed s pam\u011btihodnostmi Velk\u00e9 planiny.<\/p>\n\n\t\t<\/div>\n\t<\/div>\n\n\t<div class=\"wpb_text_column wpb_content_element\" >\n\t\t<div class=\"wpb_wrapper\">\n\t\t\t<h5><a href=\"http:\/\/www.velikaplanina.si\/aktivnosti\/poletne\/ucna-pot-po-stopinjah-pastirjev\/\">Tematick\u00e1 stezka Po stop\u00e1ch past\u00fd\u0159\u016f<\/a><\/h5>\n\n\t\t<\/div>\n\t<\/div>\n<\/div><\/div><\/div><\/div><div class=\"vc_row-full-width vc_clearfix\"><\/div><div data-vc-full-width=\"true\" data-vc-full-width-init=\"false\" class=\"vc_row wpb_row vc_row-fluid vc_custom_1667914881849 vc_row-has-fill vc_row-o-content-middle vc_row-flex\"><div class=\"wpb_column vc_column_container vc_col-sm-6\"><div class=\"vc_column-inner\"><div class=\"wpb_wrapper\">\n\t<div  class=\"wpb_single_image wpb_content_element vc_align_left\">\n\t\t\n\t\t<figure class=\"wpb_wrapper vc_figure\">\n\t\t\t<div class=\"vc_single_image-wrapper   vc_box_border_grey\"><img loading=\"lazy\" decoding=\"async\" class=\"vc_single_image-img\" src=\"https:\/\/www.ksalps.com\/wp-content\/uploads\/2022\/05\/Kneippova-bosonoga-pot-890x500.jpg\" width=\"890\" height=\"500\" alt=\"Kneippova bosonoga pot\" title=\"Kneippova stezka bosou nohou\" \/><\/div>\n\t\t<\/figure>\n\t<\/div>\n<\/div><\/div><\/div><div class=\"wpb_column vc_column_container vc_col-sm-6\"><div class=\"vc_column-inner\"><div class=\"wpb_wrapper\"><h4 style=\"text-align: left\" class=\"vc_custom_heading\" >Kneippova stezka bosou nohou<\/h4>\n\t<div class=\"wpb_text_column wpb_content_element\" >\n\t\t<div class=\"wpb_wrapper\">\n\t\t\t<p>Kneippova stezka bosou nohou, kter\u00e1 je dlouh\u00e1 n\u011bco p\u0159es 3 kilometry a nach\u00e1z\u00ed se v okol\u00ed l\u00e1zn\u00ed Terme Snovik v \u00fadol\u00ed Tuhinjska dolina, byla Slovinsk\u00fdm turistick\u00fdm sdru\u017een\u00edm vyhl\u00e1\u0161ena nejlep\u0161\u00ed tematickou stezkou roku 2018. Projdete se na n\u00ed po tr\u00e1v\u011b, p\u00edsku, jehli\u010d\u00ed a dal\u0161\u00edch p\u0159\u00edrodn\u00edch materi\u00e1lech a je vybavena dvan\u00e1cti cvi\u010debn\u00edmi prvky. Stezku doporu\u010dujeme absolvovat pod veden\u00edm Kneipp terapeuta, s n\u00edm\u017e m\u016f\u017eete v p\u0159\u00edrodn\u00edm prost\u0159ed\u00ed prov\u00e1d\u011bt n\u011bkter\u00e9 Kneippovy terapie, jako je nap\u0159\u00edklad \u010dap\u00ed ch\u016fze a koupel rukou. Pro ty, kte\u0159\u00ed nejsou zvykl\u00ed chodit naboso, je pro za\u010d\u00e1tek p\u0159ipravena krat\u0161\u00ed stezka bosou nohou v apartm\u00e1nov\u00e9m komplexu \"Na robu gozda\" (Na okraji lesa).<\/p>\n\n\t\t<\/div>\n\t<\/div>\n\n\t<div class=\"wpb_text_column wpb_content_element\" >\n\t\t<div class=\"wpb_wrapper\">\n\t\t\t<h5><a href=\"https:\/\/www.terme-snovik.si\/sl\/kneippove-bosonoge-poti\">Kneippova stezka bosou nohou<\/a><\/h5>\n\n\t\t<\/div>\n\t<\/div>\n<\/div><\/div><\/div><\/div><div class=\"vc_row-full-width vc_clearfix\"><\/div><div data-vc-full-width=\"true\" data-vc-full-width-init=\"false\" class=\"vc_row wpb_row vc_row-fluid vc_custom_1667914894571 vc_row-has-fill vc_row-o-content-middle vc_row-flex\"><div class=\"wpb_column vc_column_container vc_col-sm-6\"><div class=\"vc_column-inner\"><div class=\"wpb_wrapper\">\n\t<div  class=\"wpb_single_image wpb_content_element vc_align_left\">\n\t\t\n\t\t<figure class=\"wpb_wrapper vc_figure\">\n\t\t\t<div class=\"vc_single_image-wrapper   vc_box_border_grey\"><img loading=\"lazy\" decoding=\"async\" class=\"vc_single_image-img\" src=\"https:\/\/www.ksalps.com\/wp-content\/uploads\/2022\/05\/Tocka-pri-Klemensku-9-scaled-890x500.jpg\" width=\"890\" height=\"500\" alt=\"Tocka pri Klemensku 9\" title=\"Tocka pri Klemensku 9\" \/><\/div>\n\t\t<\/figure>\n\t<\/div>\n<\/div><\/div><\/div><div class=\"wpb_column vc_column_container vc_col-sm-6\"><div class=\"vc_column-inner\"><div class=\"wpb_wrapper\"><h4 style=\"text-align: left\" class=\"vc_custom_heading\" >Sol\u010davsk\u00e1 panoramatick\u00e1 cesta<\/h4>\n\t<div class=\"wpb_text_column wpb_content_element\" >\n\t\t<div class=\"wpb_wrapper\">\n\t\t\t<p>P\u0159i n\u00e1v\u0161t\u011bv\u011b Sol\u010davsk\u00e9ho kraje se t\u00e9m\u011b\u0159 nelze vyhnout zast\u00e1vce na n\u011bkter\u00e9m z \u00fasek\u016f Sol\u010davsk\u00e9 panoramatick\u00e9 cesty. Srde\u010dn\u011b doporu\u010dujeme, abyste p\u0159i sv\u00e9 p\u0159\u00ed\u0161t\u00ed n\u00e1v\u0161t\u011bv\u011b projeli cel\u00fdch jej\u00edch 37 kilometr\u016f. Proto\u017ee je p\u0159\u00edstupn\u00e1 jak p\u011b\u0161ky a na kole, tak i motorov\u00fdmi dopravn\u00edmi prost\u0159edky (auto, motorka), m\u016f\u017eete jej\u00ed kr\u00e1sy objevovat, i kdy\u017e nem\u00e1te mnoho \u010dasu nebo kondice. Celkem 20 zast\u00e1vek v\u00e1s provede p\u0159\u00edrodn\u00edm a kulturn\u00edm d\u011bdictv\u00edm t\u00e9to oblasti a mezi nimi v\u00e1s bude cesta h\u00fd\u010dkat \u00fachvatn\u00fdmi v\u00fdhledy a pohostinn\u00fdmi vysokohorsk\u00fdmi farmami.<\/p>\n\n\t\t<\/div>\n\t<\/div>\n\n\t<div class=\"wpb_text_column wpb_content_element\" >\n\t\t<div class=\"wpb_wrapper\">\n\t\t\t<h5><a href=\"http:\/\/www.solcavska-panoramska-cesta.si\/si\/\">Sol\u010davsk\u00e1 panoramatick\u00e1 cesta<\/a><\/h5>\n\n\t\t<\/div>\n\t<\/div>\n<\/div><\/div><\/div><\/div><div class=\"vc_row-full-width vc_clearfix\"><\/div><div data-vc-full-width=\"true\" data-vc-full-width-init=\"false\" class=\"vc_row wpb_row vc_row-fluid vc_custom_1667914902199 vc_row-has-fill vc_row-o-content-middle vc_row-flex\"><div class=\"wpb_column vc_column_container vc_col-sm-6\"><div class=\"vc_column-inner\"><div class=\"wpb_wrapper\">\n\t<div  class=\"wpb_single_image wpb_content_element vc_align_left\">\n\t\t\n\t\t<figure class=\"wpb_wrapper vc_figure\">\n\t\t\t<div class=\"vc_single_image-wrapper   vc_box_border_grey\"><img loading=\"lazy\" decoding=\"async\" class=\"vc_single_image-img\" src=\"https:\/\/www.ksalps.com\/wp-content\/uploads\/2022\/05\/Logarska-dolina-2-800x500.jpg\" width=\"800\" height=\"500\" alt=\"Logarska dolina\" title=\"Logarska dolina\" \/><\/div>\n\t\t<\/figure>\n\t<\/div>\n<\/div><\/div><\/div><div class=\"wpb_column vc_column_container vc_col-sm-6\"><div class=\"vc_column-inner\"><div class=\"wpb_wrapper\"><h4 style=\"text-align: left\" class=\"vc_custom_heading\" >Stezka \u00fadol\u00edm Logarska dolina<\/h4>\n\t<div class=\"wpb_text_column wpb_content_element\" >\n\t\t<div class=\"wpb_wrapper\">\n\t\t\t<p>Nau\u010dn\u00e1 stezka v \u00fadol\u00ed Logarska dolina, kter\u00e1 se v d\u00e9lce 7 kilometr\u016f vine jedn\u00edm z na\u0161ich nejkr\u00e1sn\u011bj\u0161\u00edch alpsk\u00fdch \u00fadol\u00ed, byla vyhl\u00e1\u0161ena nejlep\u0161\u00ed tematickou stezkou roku 2021. P\u0159\u00edrodov\u011bdn\u011b-etnografick\u00e1 stezka vede lesy, kolem farem a luk k vodop\u00e1du Rinka. Cestou se sezn\u00e1m\u00edte s p\u0159\u00edb\u011bhy krajinn\u00e9ho parku Logarska dolina, uvid\u00edte p\u0159\u00edrodn\u00ed zaj\u00edmavosti, jako je pramen \u010crna a skaln\u00ed balvany, a poc\u00edt\u00edte souzn\u011bn\u00ed m\u00edstn\u00edch obyvatel s p\u0159\u00edrodou. Jednosm\u011brn\u00e1, nen\u00e1ro\u010dn\u00e1 stezka je v jedn\u00e9 \u010d\u00e1sti p\u0159\u00edstupn\u00e1 i pro voz\u00ed\u010dk\u00e1\u0159e.<\/p>\n\n\t\t<\/div>\n\t<\/div>\n\n\t<div class=\"wpb_text_column wpb_content_element\" >\n\t\t<div class=\"wpb_wrapper\">\n\t\t\t<h5><a href=\"https:\/\/www.logarska-dolina.si\/slo\/dozivetja\/za-ljubitelje-parka\/pot-po-logarski-dolini\">Stezka \u00fadol\u00edm Logarska dolina<\/a><\/h5>\n\n\t\t<\/div>\n\t<\/div>\n<\/div><\/div><\/div><\/div><div class=\"vc_row-full-width vc_clearfix\"><\/div><div data-vc-full-width=\"true\" data-vc-full-width-init=\"false\" class=\"vc_row wpb_row vc_row-fluid vc_custom_1667914909108 vc_row-has-fill vc_row-o-content-middle vc_row-flex\"><div class=\"wpb_column vc_column_container vc_col-sm-6\"><div class=\"vc_column-inner\"><div class=\"wpb_wrapper\">\n\t<div  class=\"wpb_single_image wpb_content_element vc_align_left\">\n\t\t\n\t\t<figure class=\"wpb_wrapper vc_figure\">\n\t\t\t<div class=\"vc_single_image-wrapper   vc_box_border_grey\"><img loading=\"lazy\" decoding=\"async\" class=\"vc_single_image-img\" src=\"https:\/\/www.ksalps.com\/wp-content\/uploads\/2022\/05\/Ceska-koca-1-800x500.jpg\" width=\"800\" height=\"500\" alt=\"\u010ce\u0161ka ko\u010da\" title=\"Horsk\u00e1 chata \u010ce\u0161ka ko\u010da\" \/><\/div>\n\t\t<\/figure>\n\t<\/div>\n<\/div><\/div><\/div><div class=\"wpb_column vc_column_container vc_col-sm-6\"><div class=\"vc_column-inner\"><div class=\"wpb_wrapper\"><h4 style=\"text-align: left\" class=\"vc_custom_heading\" >Horsk\u00e1 chata \u010ce\u0161ka ko\u010da<\/h4>\n\t<div class=\"wpb_text_column wpb_content_element\" >\n\t\t<div class=\"wpb_wrapper\">\n\t\t\t<p>Obl\u00edben\u00fd turistick\u00fd c\u00edl - horsk\u00e1 chalupa \u010ce\u0161ka ko\u010da, kter\u00e1 je centr\u00e1ln\u00ed horskou stanic\u00ed v oblasti, se nach\u00e1z\u00ed nad \u00fadol\u00edm Ravenska Ko\u010dna v Jezersku, pod severn\u00ed st\u011bnou hory Grintovec, nejvy\u0161\u0161\u00edho vrcholu Kamnicko-Savinjsk\u00fdch Alp. K chat\u011b vede n\u011bkolik tras, ale mezi turisty je nejobl\u00edben\u011bj\u0161\u00ed ta, kter\u00e1 vede z \u00fadol\u00ed Ravenska Ko\u010dna. Stezka, kter\u00e1 je zna\u010dena jako nen\u00e1ro\u010dn\u00e1, je v n\u011bkter\u00fdch m\u00edstech vybavena \u017eeb\u0159\u00edky a v horn\u00ed strm\u011bj\u0161\u00ed \u010d\u00e1sti lanov\u00fdmi \u017eeb\u0159\u00edky. Pro n\u011bkter\u00e9 horolezce je \u010ce\u0161ka ko\u010da kone\u010dn\u00fdm c\u00edlem, pro jin\u00e9 je pouze v\u00fdchodiskem na vy\u0161\u0161\u00ed vrcholy poho\u0159\u00ed Grintovce. O v\u0161echny n\u00e1v\u0161t\u011bvn\u00edky je v\u0161ak dob\u0159e postar\u00e1no, proto\u017ee chalupa se postar\u00e1 o v\u0161e od n\u00e1kladn\u00ed lanovky p\u0159es p\u0159ist\u00e1vac\u00ed plochu pro vrtuln\u00edky a\u017e po vodn\u00ed n\u00e1dr\u017e a dokonce i \u010disti\u010dku.<\/p>\n\n\t\t<\/div>\n\t<\/div>\n\n\t<div class=\"wpb_text_column wpb_content_element\" >\n\t\t<div class=\"wpb_wrapper\">\n\t\t\t<h5><a href=\"https:\/\/www.jezersko.info\/ceska-koca.html\">Horsk\u00e1 chata \u010ce\u0161ka ko\u010da<\/a><\/h5>\n\n\t\t<\/div>\n\t<\/div>\n<\/div><\/div><\/div><\/div><div class=\"vc_row-full-width vc_clearfix\"><\/div><div data-vc-full-width=\"true\" data-vc-full-width-init=\"false\" class=\"vc_row wpb_row vc_row-fluid vc_custom_1667914915747 vc_row-has-fill vc_row-o-content-middle vc_row-flex\"><div class=\"wpb_column vc_column_container vc_col-sm-6\"><div class=\"vc_column-inner\"><div class=\"wpb_wrapper\">\n\t<div  class=\"wpb_single_image wpb_content_element vc_align_left\">\n\t\t\n\t\t<figure class=\"wpb_wrapper vc_figure\">\n\t\t\t<div class=\"vc_single_image-wrapper   vc_box_border_grey\"><img loading=\"lazy\" decoding=\"async\" class=\"vc_single_image-img\" src=\"https:\/\/www.ksalps.com\/wp-content\/uploads\/2022\/05\/dolina-ravenske-kocne-890x500.jpg\" width=\"890\" height=\"500\" alt=\"dolina ravenske ko\u010dne\" title=\"dolina ravenske ko\u010dne\" \/><\/div>\n\t\t<\/figure>\n\t<\/div>\n<\/div><\/div><\/div><div class=\"wpb_column vc_column_container vc_col-sm-6\"><div class=\"vc_column-inner\"><div class=\"wpb_wrapper\"><h4 style=\"text-align: left\" class=\"vc_custom_heading\" >Tematick\u00e1 p\u011b\u0161\u00ed stezka \u00fadol\u00edm Ravenska Ko\u010dna<\/h4>\n\t<div class=\"wpb_text_column wpb_content_element\" >\n\t\t<div class=\"wpb_wrapper\">\n\t\t\t<p>Tematick\u00e1 p\u011b\u0161\u00ed stezka \u00fadol\u00edm Ravenska Ko\u010dna je 8 km dlouh\u00e1 stezka pod\u00e9l potoka Jezernica, kter\u00e1 za\u010d\u00edn\u00e1 a kon\u010d\u00ed u Plan\u0161arsk\u00e9ho jezera. Tato nen\u00e1ro\u010dn\u00e1 stezka je pova\u017eov\u00e1na za jednu z nejkr\u00e1sn\u011bj\u0161\u00edch p\u011b\u0161\u00edch tras v oblasti Jezerska a po cest\u011b se m\u016f\u017eete pomoc\u00ed informa\u010dn\u00edch cedul\u00ed sezn\u00e1mit s procesem  vzniku ledovcov\u00e9ho \u00fadol\u00ed, jeho \u017eivo\u010di\u0161n\u00fdm a rostlinn\u00fdm bohatstv\u00edm a dal\u0161\u00edmi zaj\u00edmavostmi. Stezka, kter\u00e1 je zn\u00e1m\u00e1 p\u0159edev\u0161\u00edm d\u00edky n\u00e1dhern\u00fdm v\u00fdhled\u016fm na vrcholky Kamnicko-Savinjsk\u00fdch Alp, v\u00e1m zabere dobr\u00e9 3 hodiny a odpo\u010dinout si m\u016f\u017eete na mod\u0159\u00ednov\u00fdch lavi\u010dk\u00e1ch pod\u00e9l cest. P\u0159enocovat m\u016f\u017eete tak\u00e9 v \u00fadol\u00ed Ravensk\u00e1 Ko\u010dna na farm\u011b Ancel, v jej\u00ed\u017e bl\u00edzkosti se nach\u00e1z\u00ed tak\u00e9 pramen potoka Jezernica.<\/p>\n\n\t\t<\/div>\n\t<\/div>\n\n\t<div class=\"wpb_text_column wpb_content_element\" >\n\t\t<div class=\"wpb_wrapper\">\n\t\t\t<h5><a href=\"https:\/\/www.jezersko.info\/sprehodi.html\">Tematick\u00e1 p\u011b\u0161\u00ed stezka \u00fadol\u00edm Ravenska Ko\u010dna<\/a><\/h5>\n\n\t\t<\/div>\n\t<\/div>\n<\/div><\/div><\/div><\/div><div class=\"vc_row-full-width vc_clearfix\"><\/div><div data-vc-full-width=\"true\" data-vc-full-width-init=\"false\" class=\"vc_row wpb_row vc_row-fluid vc_custom_1667914923975 vc_row-has-fill vc_row-o-content-middle vc_row-flex\"><div class=\"wpb_column vc_column_container vc_col-sm-6\"><div class=\"vc_column-inner\"><div class=\"wpb_wrapper\">\n\t<div  class=\"wpb_single_image wpb_content_element vc_align_left\">\n\t\t\n\t\t<figure class=\"wpb_wrapper vc_figure\">\n\t\t\t<div class=\"vc_single_image-wrapper   vc_box_border_grey\"><img loading=\"lazy\" decoding=\"async\" class=\"vc_single_image-img\" src=\"https:\/\/www.ksalps.com\/wp-content\/uploads\/2022\/05\/Preddvor-1-890x500.jpg\" width=\"890\" height=\"500\" alt=\"Preddvor\" title=\"Preddvor\" \/><\/div>\n\t\t<\/figure>\n\t<\/div>\n<\/div><\/div><\/div><div class=\"wpb_column vc_column_container vc_col-sm-6\"><div class=\"vc_column-inner\"><div class=\"wpb_wrapper\"><h4 style=\"text-align: left\" class=\"vc_custom_heading\" >Horsk\u00e1 chata a kostel svat\u00e9ho Jakoba<\/h4>\n\t<div class=\"wpb_text_column wpb_content_element\" >\n\t\t<div class=\"wpb_wrapper\">\n\t\t\t<p>Jedn\u00edm z nejnav\u0161t\u011bvovan\u011bj\u0161\u00edch a nejobl\u00edben\u011bj\u0161\u00edch turistick\u00fdch bod\u016f v Preddvoru je kostel svat\u00e9ho Jakoba, vedle kter\u00e9ho se nach\u00e1z\u00ed tak\u00e9 horsk\u00e1 chata (planinska ko\u010da) spravovan\u00e1 horalsk\u00fdm spolkem Preddvor. Kr\u00e1sn\u00fd v\u00fdhled, kter\u00fd za dobr\u00e9ho po\u010das\u00ed sah\u00e1 a\u017e k Triglavu, v\u00fdborn\u00e9 z\u00e1kusky a jedine\u010dn\u00e9 Jakobovo pivo jsou jen n\u011bkter\u00e9 z d\u016fvod\u016f, pro\u010d ji nav\u0161t\u00edvit. Pom\u011brn\u011b nen\u00e1ro\u010dn\u00fd v\u00fdstup, kter\u00fd za\u010d\u00edn\u00e1 na parkovi\u0161ti p\u0159ed hradem Turn, v\u00e1m zabere necel\u00e9 dv\u011b hodiny. Pro n\u011bkter\u00e9 p\u011b\u0161\u00ed turisty je tento bod jen zast\u00e1vkou pro v\u00fdstup na vy\u0161\u0161\u00ed vrcholy, zat\u00edmco o n\u011bco vy\u0161\u0161\u00ed vrchol Poto\u0161ka Gora je obl\u00edben\u00e1 tak\u00e9 jako startovac\u00ed m\u00edsto pro paragliding.<\/p>\n\n\t\t<\/div>\n\t<\/div>\n\n\t<div class=\"wpb_text_column wpb_content_element\" >\n\t\t<div class=\"wpb_wrapper\">\n\t\t\t<h5><a href=\"https:\/\/www.visitpreddvor.si\/si\/kaj-poceti\/pohodnistvo\/5934-cerkev-sv-jakoba-in-planinska-koca-na-sv-jakobu-961-m\">Horsk\u00e1 chata a kostel svat\u00e9ho Jakoba<\/a><\/h5>\n\n\t\t<\/div>\n\t<\/div>\n<\/div><\/div><\/div><\/div><div class=\"vc_row-full-width vc_clearfix\"><\/div><div data-vc-full-width=\"true\" data-vc-full-width-init=\"false\" class=\"vc_row wpb_row vc_row-fluid vc_custom_1667914930677 vc_row-has-fill vc_row-o-content-middle vc_row-flex\"><div class=\"wpb_column vc_column_container vc_col-sm-6\"><div class=\"vc_column-inner\"><div class=\"wpb_wrapper\">\n\t<div  class=\"wpb_single_image wpb_content_element vc_align_left\">\n\t\t\n\t\t<figure class=\"wpb_wrapper vc_figure\">\n\t\t\t<div class=\"vc_single_image-wrapper   vc_box_border_grey\"><img loading=\"lazy\" decoding=\"async\" class=\"vc_single_image-img\" src=\"https:\/\/www.ksalps.com\/wp-content\/uploads\/2022\/05\/Jezero-Crnava-1-890x500.jpg\" width=\"890\" height=\"500\" alt=\"Jezero \u010crnava\" title=\"Jezero \u010crnava\" \/><\/div>\n\t\t<\/figure>\n\t<\/div>\n<\/div><\/div><\/div><div class=\"wpb_column vc_column_container vc_col-sm-6\"><div class=\"vc_column-inner\"><div class=\"wpb_wrapper\"><h4 style=\"text-align: left\" class=\"vc_custom_heading\" >Tajemstv\u00ed preddvorsk\u00fdch \u010d\u00e1p\u016f<\/h4>\n\t<div class=\"wpb_text_column wpb_content_element\" >\n\t\t<div class=\"wpb_wrapper\">\n\t\t\t<p>Pro rodiny s d\u011btmi je v Preddvoru krom\u011b zast\u00e1vky u jezera \u010crnava povinnou zast\u00e1vkou tak\u00e9 tematick\u00e1 orienta\u010dn\u00ed stezka Tajemstv\u00ed preddvorsk\u00fdch \u010d\u00e1p\u016f. Stezka za\u010d\u00edn\u00e1 u \u0161koly a nab\u00edz\u00ed tematick\u00e9 karti\u010dky s \u00fakoly a raz\u00edtky, kter\u00e9 si m\u016f\u017eete vyzvednout v informa\u010dn\u00edm centru. Po cest\u011b na d\u011bti \u010dekaj\u00ed r\u016fzn\u00e9 v\u00fdzvy od preddvorsk\u00fdch zv\u00ed\u0159at, kter\u00e9 za povzbuzov\u00e1n\u00ed rodi\u010d\u016f samy vy\u0159e\u0161\u00ed. Nen\u00e1ro\u010dn\u00e1 horsk\u00e1 stezka, kter\u00e1 je podle zvolen\u00e9 varianty dlouh\u00e1 1 a\u017e 1,5 kilometru, je vhodn\u00e1 pro v\u0161echny v\u011bkov\u00e9 kategorie, doporu\u010duje se v\u0161ak vhodn\u00e1 turistick\u00e1 obuv a opatrnost.<\/p>\n\n\t\t<\/div>\n\t<\/div>\n\n\t<div class=\"wpb_text_column wpb_content_element\" >\n\t\t<div class=\"wpb_wrapper\">\n\t\t\t<h5><a href=\"https:\/\/skrivnostna-pot.si\/\">Tajemstv\u00ed preddvorsk\u00fdch \u010d\u00e1p\u016f<\/a><\/h5>\n\n\t\t<\/div>\n\t<\/div>\n<\/div><\/div><\/div><\/div><div class=\"vc_row-full-width vc_clearfix\"><\/div><div data-vc-full-width=\"true\" data-vc-full-width-init=\"false\" class=\"vc_row wpb_row vc_row-fluid vc_custom_1667914937889 vc_row-has-fill vc_row-o-content-middle vc_row-flex\"><div class=\"wpb_column vc_column_container vc_col-sm-6\"><div class=\"vc_column-inner\"><div class=\"wpb_wrapper\">\n\t<div  class=\"wpb_single_image wpb_content_element vc_align_left\">\n\t\t\n\t\t<figure class=\"wpb_wrapper vc_figure\">\n\t\t\t<div class=\"vc_single_image-wrapper   vc_box_border_grey\"><img loading=\"lazy\" decoding=\"async\" class=\"vc_single_image-img\" src=\"https:\/\/www.ksalps.com\/wp-content\/uploads\/2022\/05\/Raduha-1-890x500.jpg\" width=\"890\" height=\"500\" alt=\"Raduha\" title=\"Raduha\" \/><\/div>\n\t\t<\/figure>\n\t<\/div>\n<\/div><\/div><\/div><div class=\"wpb_column vc_column_container vc_col-sm-6\"><div class=\"vc_column-inner\"><div class=\"wpb_wrapper\"><h4 style=\"text-align: left\" class=\"vc_custom_heading\" >Raduha<\/h4>\n\t<div class=\"wpb_text_column wpb_content_element\" >\n\t\t<div class=\"wpb_wrapper\">\n\t\t\t<p>Z Lu\u010de vede n\u011bkolik zna\u010den\u00fdch tras do poho\u0159\u00ed Raduha, kter\u00e9 se nach\u00e1z\u00ed ve v\u00fdchodn\u00ed \u010d\u00e1sti Kamnicko-Savinjsk\u00fdch Alp. Jedn\u00edm z nejnav\u0161t\u011bvovan\u011bj\u0161\u00edch vrchol\u016f je Velika Raduha, kter\u00e1 je s 2062 metry nad mo\u0159em nejvy\u0161\u0161\u00ed v poho\u0159\u00ed. P\u0159i pohledu ze severu vypad\u00e1 Raduha se sv\u00fdmi strm\u00fdmi a skalnat\u00fdmi svahy jako mohutn\u00e1 hora, zat\u00edmco jej\u00ed jihov\u00fdchodn\u00ed strana je plo\u0161\u0161\u00ed, a proto velmi obl\u00edben\u00e1 mezi horolezci. D\u016fvodem je tak\u00e9 bujn\u00e1 alpsk\u00e1 vegetace a n\u00e1dhern\u00fd v\u00fdhled z vrcholu. Pro ob\u010derstven\u00ed na cest\u011b je od \u010dervna do z\u00e1\u0159\u00ed otev\u0159ena chata Ko\u010da na Loka pod Raduho, kter\u00e1 turist\u016fm krom\u011b j\u00eddla a pit\u00ed nab\u00edz\u00ed i mo\u017enost p\u0159enocovat.<\/p>\n\n\t\t<\/div>\n\t<\/div>\n\n\t<div class=\"wpb_text_column wpb_content_element\" >\n\t\t<div class=\"wpb_wrapper\">\n\t\t\t<h5><a href=\"https:\/\/visitsavinjska.com\/raduha-2-062-m\/\">&gt; Raduha<\/a><\/h5>\n\n\t\t<\/div>\n\t<\/div>\n<\/div><\/div><\/div><\/div><div class=\"vc_row-full-width vc_clearfix\"><\/div><div data-vc-full-width=\"true\" data-vc-full-width-init=\"false\" class=\"vc_row wpb_row vc_row-fluid vc_custom_1667914944562 vc_row-has-fill vc_row-o-content-middle vc_row-flex\"><div class=\"wpb_column vc_column_container vc_col-sm-6\"><div class=\"vc_column-inner\"><div class=\"wpb_wrapper\">\n\t<div  class=\"wpb_single_image wpb_content_element vc_align_left\">\n\t\t\n\t\t<figure class=\"wpb_wrapper vc_figure\">\n\t\t\t<div class=\"vc_single_image-wrapper   vc_box_border_grey\"><img loading=\"lazy\" decoding=\"async\" class=\"vc_single_image-img\" src=\"https:\/\/www.ksalps.com\/wp-content\/uploads\/2022\/05\/Pespot-okrog-Luc.jpg\" width=\"700\" height=\"495\" alt=\"Pe\u0161pot okrog Lu\u010d\" title=\"Pe\u0161pot okrog Lu\u010d\" \/><\/div>\n\t\t<\/figure>\n\t<\/div>\n<\/div><\/div><\/div><div class=\"wpb_column vc_column_container vc_col-sm-6\"><div class=\"vc_column-inner\"><div class=\"wpb_wrapper\"><h4 style=\"text-align: left\" class=\"vc_custom_heading\" >P\u011b\u0161\u00ed stezky v destinaci Lu\u010de<\/h4>\n\t<div class=\"wpb_text_column wpb_content_element\" >\n\t\t<div class=\"wpb_wrapper\">\n\t\t\t<p>V okol\u00ed je mnoho p\u0159\u00edle\u017eitost\u00ed k proch\u00e1zk\u00e1m, ale jednou z nejobl\u00edben\u011bj\u0161\u00edch je stezka z vesnice Lu\u010de k p\u0159\u00edrod\u00edmu sklan\u00edmu obelisku Igla, kter\u00fd je chr\u00e1n\u011bn\u00fd jako p\u0159\u00edrodn\u00ed pam\u00e1tka a nach\u00e1z\u00ed se pod\u00e9l region\u00e1ln\u00ed silnice mezi Lu\u010dami a Sol\u010davou. Stezka za\u010d\u00edn\u00e1 na hlavn\u00ed silnici kousek za Lu\u010dami a vede pom\u011brn\u011b nen\u00e1ro\u010dn\u00fdm ter\u00e9nem vzh\u016fru k farm\u011b Pe\u010dovnik a pot\u00e9 sestupuje do rovinat\u00e9 oblasti pod\u00e9l \u0159eky Savinja. Kdy\u017e p\u0159ekon\u00e1me visutou l\u00e1vku p\u0159es \u0159eku a region\u00e1ln\u00ed silnici, stezka n\u00e1s dovede a\u017e ke 40 metr\u016f vysok\u00e9 sk\u00e1le Igla, kterou lze b\u011bhem 15 minut obej\u00edt a pak se stejnou cestou vr\u00e1tit zp\u011bt do v\u00fdchoz\u00edho bodu.<\/p>\n\n\t\t<\/div>\n\t<\/div>\n\n\t<div class=\"wpb_text_column wpb_content_element\" >\n\t\t<div class=\"wpb_wrapper\">\n\t\t\t<h5><a href=\"https:\/\/www.tic-luce.si\/obisci\/od-luc-do-igle\/?portfolioCats=52\">Z Lu\u010de do Igly<\/a><\/h5>\n\n\t\t<\/div>\n\t<\/div>\n<\/div><\/div><\/div><\/div><div class=\"vc_row-full-width vc_clearfix\"><\/div><div class=\"vc_row wpb_row vc_row-fluid vc_custom_1670451859713 vc_row-o-content-middle vc_row-flex\"><div class=\"wpb_column vc_column_container vc_col-sm-6\"><div class=\"vc_column-inner\"><div class=\"wpb_wrapper\">\n\t<div  class=\"wpb_single_image wpb_content_element vc_align_left\">\n\t\t\n\t\t<figure class=\"wpb_wrapper vc_figure\">\n\t\t\t<div class=\"vc_single_image-wrapper   vc_box_border_grey\"><img loading=\"lazy\" decoding=\"async\" class=\"vc_single_image-img\" src=\"https:\/\/www.ksalps.com\/wp-content\/uploads\/2022\/12\/Stefanja_Gora-scaled-890x500.jpg\" width=\"890\" height=\"500\" alt=\"\u0160tefanja gora\" title=\"\u0160tefanja gora\" \/><\/div>\n\t\t<\/figure>\n\t<\/div>\n<\/div><\/div><\/div><div class=\"wpb_column vc_column_container vc_col-sm-6\"><div class=\"vc_column-inner\"><div class=\"wpb_wrapper\"><h4 style=\"text-align: left\" class=\"vc_custom_heading\" >\u0160tefanja gora<\/h4>\n\t<div class=\"wpb_text_column wpb_content_element\" >\n\t\t<div class=\"wpb_wrapper\">\n\t\t\t<p>\u0160tefanja gora s kostelem svat\u00e9ho \u0160t\u011bp\u00e1na je obl\u00edben\u00fdm turistick\u00fdm bodem nad obc\u00ed Cerklje na Gorenjskem. Stezka je pom\u011brn\u011b nen\u00e1ro\u010dn\u00e1, ale vy\u017eaduje dobrou obuv a kondici. Cestou na vrchol se nach\u00e1z\u00ed n\u011bkolik m\u00edst, odkud je kr\u00e1sn\u00fd v\u00fdhled na region Gorenjsko. T\u011bsn\u011b pod vrcholem se nach\u00e1z\u00ed turistick\u00e1 farma Pr' Me\u017enarju, kter\u00e1 nab\u00edz\u00ed tak\u00e9 v\u00fdbornou m\u00edstn\u00ed kuchyni.<\/p>\n\n\t\t<\/div>\n\t<\/div>\n\n\t<div class=\"wpb_text_column wpb_content_element\" >\n\t\t<div class=\"wpb_wrapper\">\n\t\t\t<h5><a href=\"https:\/\/www.visitcerklje.si\/sl\/kam-v-cerkljah\/pohodniske-poti\/stefanja-gora\">&gt; \u0160tefanja gora<\/a><\/h5>\n\n\t\t<\/div>\n\t<\/div>\n<\/div><\/div><\/div><\/div><div class=\"vc_row wpb_row vc_row-fluid vc_row-o-content-middle vc_row-flex\"><div class=\"wpb_column vc_column_container vc_col-sm-6\"><div class=\"vc_column-inner\"><div class=\"wpb_wrapper\">\n\t<div  class=\"wpb_single_image wpb_content_element vc_align_left\">\n\t\t\n\t\t<figure class=\"wpb_wrapper vc_figure\">\n\t\t\t<div class=\"vc_single_image-wrapper   vc_box_border_grey\"><img loading=\"lazy\" decoding=\"async\" class=\"vc_single_image-img\" src=\"https:\/\/www.ksalps.com\/wp-content\/uploads\/2022\/12\/Krvavec_pohodnistvo-890x500.jpg\" width=\"890\" height=\"500\" alt=\"Krvavec\" title=\"Krvavec_pohodnistvo\" \/><\/div>\n\t\t<\/figure>\n\t<\/div>\n<\/div><\/div><\/div><div class=\"wpb_column vc_column_container vc_col-sm-6\"><div class=\"vc_column-inner\"><div class=\"wpb_wrapper\"><h4 style=\"text-align: left\" class=\"vc_custom_heading\" >Stezka past\u00fd\u0159sk\u00fdch sk\u0159\u00edtk\u016f na Krvavci<\/h4>\n\t<div class=\"wpb_text_column wpb_content_element\" >\n\t\t<div class=\"wpb_wrapper\">\n\t\t\t<p>Krvavec je hora v Kamnicko-Savinjsk\u00fdch Alp\u00e1ch, zn\u00e1m\u00e1 p\u0159edev\u0161\u00edm jako st\u0159edisko zimn\u00edch sport\u016f, ale obl\u00edben\u00e1 i jako turistick\u00e1 a cyklistick\u00e1 destinace b\u011bhem roku. Krvavec nab\u00edz\u00ed tak\u00e9 mimo\u0159\u00e1dn\u00fd z\u00e1\u017eitek v podob\u011b Stezky past\u00fd\u0159sk\u00fdch sk\u0159\u00edtk\u016f, kter\u00e1 odhaluje tajemstv\u00ed past\u00fd\u0159sk\u00e9 hory a nab\u00edz\u00ed to prav\u00e9 rodinn\u00e9 dobrodru\u017estv\u00ed. Na stezce je k vid\u011bn\u00ed tak\u00e9 16 d\u0159ev\u011bn\u00fdch soch zv\u00ed\u0159at a sk\u0159\u00edtk\u016f z hory Krvavec.<\/p>\n\n\t\t<\/div>\n\t<\/div>\n\n\t<div class=\"wpb_text_column wpb_content_element\" >\n\t\t<div class=\"wpb_wrapper\">\n\t\t\t<h5><a href=\"https:\/\/www.rtc-krvavec.si\/si\/dozivetje\/pot-pastirskih-skratov\">Stezka past\u00fd\u0159sk\u00fdch sk\u0159\u00edtk\u016f na Krvavci<\/a><\/h5>\n\n\t\t<\/div>\n\t<\/div>\n<\/div><\/div><\/div><\/div>\n<\/section>","protected":false},"excerpt":{"rendered":"Pohodni\u0161tvo se sklada s trajnostnim na\u010dinom \u017eivljenja doma\u010dinov, ki ga delijo z vsemi, ki prihajajo kot prijatelji. Urejena je gosta mre\u017ea ozna\u010denih planinskih poti, ki vodijo do najlep\u0161ih koti\u010dkov Kamni\u0161ko-Savinjskih Alp. Odkrijte \u0161tevilne zgodbe teh krajev na tematskih pe\u0161poteh, se po vzdr\u017eevanih planinskih poteh odpravite do najvi\u0161jih gora ali pa se z vodnikom podajte na [...]","protected":false},"author":1,"featured_media":0,"parent":0,"menu_order":0,"comment_status":"closed","ping_status":"closed","template":"","meta":{"footnotes":""},"class_list":["post-2831","page","type-page","status-publish","hentry"],"_links":{"self":[{"href":"https:\/\/www.ksalps.com\/cs\/wp-json\/wp\/v2\/pages\/2831","targetHints":{"allow":["GET"]}}],"collection":[{"href":"https:\/\/www.ksalps.com\/cs\/wp-json\/wp\/v2\/pages"}],"about":[{"href":"https:\/\/www.ksalps.com\/cs\/wp-json\/wp\/v2\/types\/page"}],"author":[{"embeddable":true,"href":"https:\/\/www.ksalps.com\/cs\/wp-json\/wp\/v2\/users\/1"}],"replies":[{"embeddable":true,"href":"https:\/\/www.ksalps.com\/cs\/wp-json\/wp\/v2\/comments?post=2831"}],"version-history":[{"count":26,"href":"https:\/\/www.ksalps.com\/cs\/wp-json\/wp\/v2\/pages\/2831\/revisions"}],"predecessor-version":[{"id":4234,"href":"https:\/\/www.ksalps.com\/cs\/wp-json\/wp\/v2\/pages\/2831\/revisions\/4234"}],"wp:attachment":[{"href":"https:\/\/www.ksalps.com\/cs\/wp-json\/wp\/v2\/media?parent=2831"}],"curies":[{"name":"wp","href":"https:\/\/api.w.org\/{rel}","templated":true}]}}