{"id":2811,"date":"2022-02-01T14:45:59","date_gmt":"2022-02-01T13:45:59","guid":{"rendered":"https:\/\/www.ksalps.com\/?page_id=2811"},"modified":"2022-12-10T21:20:14","modified_gmt":"2022-12-10T20:20:14","slug":"luce","status":"publish","type":"page","link":"https:\/\/www.ksalps.com\/cs\/luce\/","title":{"rendered":"Lu\u010de"},"content":{"rendered":"<section class=\"wpb-content-wrapper\"><div data-vc-full-width=\"true\" data-vc-full-width-init=\"false\" class=\"vc_row wpb_row vc_row-fluid vc_custom_1667916351642 vc_row-has-fill vc_row-o-content-middle vc_row-flex\"><div class=\"wpb_column vc_column_container vc_col-sm-6\"><div class=\"vc_column-inner\"><div class=\"wpb_wrapper\">\n\t<div  class=\"wpb_single_image wpb_content_element vc_align_left\">\n\t\t\n\t\t<figure class=\"wpb_wrapper vc_figure\">\n\t\t\t<div class=\"vc_single_image-wrapper   vc_box_border_grey\"><img loading=\"lazy\" decoding=\"async\" width=\"741\" height=\"520\" src=\"https:\/\/www.ksalps.com\/wp-content\/uploads\/2022\/05\/Luce.jpg\" class=\"vc_single_image-img attachment-full\" alt=\"\" title=\"Lu\u010de\" srcset=\"https:\/\/www.ksalps.com\/wp-content\/uploads\/2022\/05\/Luce.jpg 741w, https:\/\/www.ksalps.com\/wp-content\/uploads\/2022\/05\/Luce-300x211.jpg 300w, https:\/\/www.ksalps.com\/wp-content\/uploads\/2022\/05\/Luce-80x56.jpg 80w, https:\/\/www.ksalps.com\/wp-content\/uploads\/2022\/05\/Luce-18x12.jpg 18w\" sizes=\"auto, (max-width: 741px) 100vw, 741px\" \/><\/div>\n\t\t<\/figure>\n\t<\/div>\n<\/div><\/div><\/div><div class=\"wpb_column vc_column_container vc_col-sm-6\"><div class=\"vc_column-inner\"><div class=\"wpb_wrapper\"><h4 style=\"text-align: left\" class=\"vc_custom_heading\" >Lu\u010de, destinace v objet\u00ed Kamnicko-Savinjsk\u00fdch Alp, le\u017e\u00ed v horn\u00ed \u010d\u00e1sti povod\u00ed \u0159eky Savinja.<\/h4>\n\t<div class=\"wpb_text_column wpb_content_element\" >\n\t\t<div class=\"wpb_wrapper\">\n\t\t\t<p>Jej\u00ed poloha na k\u0159i\u017eovatce alpsk\u00e9ho a p\u0159edalpsk\u00e9ho sv\u011bta p\u0159isp\u00edv\u00e1 k mimo\u0159\u00e1dn\u00e9 geologick\u00e9 rozmanitosti, kterou m\u016f\u017eete objevovat ve strm\u00e9m v\u00e1pencov\u00e9m sv\u011bt\u011b na severu a v ni\u017e\u0161\u00ed zaoblen\u011b kopcovit\u00e9 krajin\u011b na jihu, kter\u00e1 je u\u017e v\u00edce obydlen\u00e1. Necel\u00e1 polovina destinace spad\u00e1 pod projekt Natura 2000. Centrum obce se nach\u00e1z\u00ed kolem kostela sv. Lovrence a jen kilometr odtud naleznete zaj\u00edmav\u00fd projekt Etno vesni\u010dky Lu\u010de s muzeem star\u00fdch \u0159emesel. V roce 2019 se Lu\u010de stalo druh\u00fdm slovinsk\u00fdm m\u011bstem v mezin\u00e1rodn\u00ed s\u00edti Horalsk\u00e9 vesni\u010dky, co\u017e sv\u011bd\u010d\u00ed o m\u00edstn\u00ed snaze rozv\u00edjet cestovn\u00ed ruch udr\u017eiteln\u00fdm zp\u016fsobem.<\/p>\n\n\t\t<\/div>\n\t<\/div>\n\n\t<div class=\"wpb_text_column wpb_content_element\" >\n\t\t<div class=\"wpb_wrapper\">\n\t\t\t<h5>&gt; <a href=\"https:\/\/www.tic-luce.si\/\">&gt; Prozkoumat v\u00edce<\/a><\/h5>\n\n\t\t<\/div>\n\t<\/div>\n<\/div><\/div><\/div><\/div><div class=\"vc_row-full-width vc_clearfix\"><\/div><div data-vc-full-width=\"true\" data-vc-full-width-init=\"false\" class=\"vc_row wpb_row vc_row-fluid vc_custom_1667916358908 vc_row-has-fill vc_row-o-content-middle vc_row-flex\"><div class=\"wpb_column vc_column_container vc_col-sm-6\"><div class=\"vc_column-inner\"><div class=\"wpb_wrapper\"><h4 style=\"text-align: left\" class=\"vc_custom_heading\" >Aktivity v t\u00e9to oblasti jsou neodd\u011bliteln\u011b spjaty s alpskou \u0159ekou Savinjou.<\/h4>\n\t<div class=\"wpb_text_column wpb_content_element\" >\n\t\t<div class=\"wpb_wrapper\">\n\t\t\t<p>Pod\u00e9l Savinji se m\u016f\u017eete proch\u00e1zet a jezdit na kole, v hork\u00fdch letn\u00edch dnech se zde osv\u011b\u017eit, vyzkou\u0161et si mu\u0161ka\u0159en\u00ed nebo vyu\u017e\u00edt jej\u00ed divok\u00e9 pe\u0159eje k adrenalinov\u00e9mu raftingu a j\u00edzd\u011b na kajaku. Na horn\u00edm toku m\u00e1 \u0159eka v\u00fdrazn\u011b alpsk\u00fd charakter s \u010detn\u00fdmi p\u0159epady a pe\u0159ejemi. Ti odv\u00e1\u017en\u011bj\u0161\u00ed se mohou ve spole\u010dnosti zku\u0161en\u00fdch pr\u016fvodc\u016f vydat na ka\u0148oning v jej\u00edch skalnat\u00fdch sout\u011bsk\u00e1ch.<\/p>\n\n\t\t<\/div>\n\t<\/div>\n\n\t<div class=\"wpb_text_column wpb_content_element\" >\n\t\t<div class=\"wpb_wrapper\">\n\t\t\t<h5>&gt; <a href=\"https:\/\/visitluce.si\/kaj-poceti\/vodna-dozivetja\/\">&gt; Prozkoumat v\u00edce\u00a0<\/a><\/h5>\n\n\t\t<\/div>\n\t<\/div>\n<\/div><\/div><\/div><div class=\"wpb_column vc_column_container vc_col-sm-6\"><div class=\"vc_column-inner\"><div class=\"wpb_wrapper\">\n\t<div  class=\"wpb_single_image wpb_content_element vc_align_left\">\n\t\t\n\t\t<figure class=\"wpb_wrapper vc_figure\">\n\t\t\t<div class=\"vc_single_image-wrapper   vc_box_border_grey\"><img loading=\"lazy\" decoding=\"async\" class=\"vc_single_image-img\" src=\"https:\/\/www.ksalps.com\/wp-content\/uploads\/2022\/05\/savinja-rafting-890x500.jpg\" width=\"890\" height=\"500\" alt=\"savinja rafting\" title=\"savinja rafting\" \/><\/div>\n\t\t<\/figure>\n\t<\/div>\n<\/div><\/div><\/div><\/div><div class=\"vc_row-full-width vc_clearfix\"><\/div><div data-vc-full-width=\"true\" data-vc-full-width-init=\"false\" class=\"vc_row wpb_row vc_row-fluid vc_custom_1667916365738 vc_row-has-fill vc_row-o-content-middle vc_row-flex\"><div class=\"wpb_column vc_column_container vc_col-sm-6\"><div class=\"vc_column-inner\"><div class=\"wpb_wrapper\">\n\t<div  class=\"wpb_single_image wpb_content_element vc_align_left\">\n\t\t\n\t\t<figure class=\"wpb_wrapper vc_figure\">\n\t\t\t<div class=\"vc_single_image-wrapper   vc_box_border_grey\"><img loading=\"lazy\" decoding=\"async\" class=\"vc_single_image-img\" src=\"https:\/\/www.ksalps.com\/wp-content\/uploads\/2022\/05\/Luce-Slika-2-scaled-890x500.jpg\" width=\"890\" height=\"500\" alt=\"Lu\u010de Slika 2\" title=\"Lu\u010de Slika 2\" \/><\/div>\n\t\t<\/figure>\n\t<\/div>\n<\/div><\/div><\/div><div class=\"wpb_column vc_column_container vc_col-sm-6\"><div class=\"vc_column-inner\"><div class=\"wpb_wrapper\"><h4 style=\"text-align: left\" class=\"vc_custom_heading\" >Na horu Rahuha, nejvy\u0161\u0161\u00ed ve v\u00fdchodn\u00ed \u010d\u00e1sti Kamnicko-Savinjsk\u00fdch Alp, vede \u0159ada zna\u010den\u00fdch tras.<\/h4>\n\t<div class=\"wpb_text_column wpb_content_element\" >\n\t\t<div class=\"wpb_wrapper\">\n\t\t\t<p>Jej\u00ed skalnat\u00e9 severn\u00ed svahy jsou strm\u00e9, zat\u00edmco zalesn\u011bn\u00e9 a travnat\u00e9 ji\u017en\u00ed svahy m\u00edrn\u011b klesaj\u00ed a\u017e do m\u011bste\u010dka Lu\u010de. Severn\u00ed svahy jsou pak zaj\u00edmav\u00e9 i jako horolezeck\u00e9 v\u00fdstupy a z vrcholu se nab\u00edz\u00ed opravdu v\u00fdjime\u010dn\u00fd v\u00fdhled. V zim\u011b je s dobr\u00fdm vybaven\u00edm a znalost\u00ed podm\u00ednek mo\u017en\u00e1 tak\u00e9 v\u00fdprava na skialpech.<\/p>\n\n\t\t<\/div>\n\t<\/div>\n<\/div><\/div><\/div><\/div><div class=\"vc_row-full-width vc_clearfix\"><\/div><div data-vc-full-width=\"true\" data-vc-full-width-init=\"false\" class=\"vc_row wpb_row vc_row-fluid vc_custom_1667916371496 vc_row-has-fill vc_row-o-content-middle vc_row-flex\"><div class=\"wpb_column vc_column_container vc_col-sm-6\"><div class=\"vc_column-inner\"><div class=\"wpb_wrapper\"><h4 style=\"text-align: left\" class=\"vc_custom_heading\" >Sne\u017ena jama je nejv\u00fd\u0161e polo\u017eenou jeskyn\u00ed ve Slovinsku, kter\u00e1 je zp\u0159\u00edstupn\u011bna pro turistickou v\u00fdpravu.<\/h4>\n\t<div class=\"wpb_text_column wpb_content_element\" >\n\t\t<div class=\"wpb_wrapper\">\n\t\t\t<p>Nach\u00e1z\u00ed se na jihoz\u00e1padn\u00edm svahu Raduhy v nadmo\u0159sk\u00e9 v\u00fd\u0161ce 1556 metr\u016f. Tato perla alpsk\u00e9ho krasu byla dlouh\u00e1 l\u00e9ta neobjevena kv\u016fli obdob\u00ed v\u011b\u010dn\u00e9ho sn\u011bhu, kter\u00fd zakr\u00fdval vchod do jeskyn\u011b. Jeskyn\u011b je dlouh\u00e1 v\u00edce ne\u017e 1300 metr\u016f, z toho je v\u00edce ne\u017e 800 metr\u016f zp\u0159\u00edstupn\u011bno n\u00e1v\u0161t\u011bvn\u00edk\u016fm. Kr\u00e1sa jeskyn\u011b, jeskynn\u00ed ml\u00e9ko, ledov\u00e9 sochy a kr\u00e1pn\u00edkov\u00e1 v\u00fdzdoba, stejn\u011b jako prohl\u00eddky za svitu karbidov\u00fdch lamp, d\u011blaj\u00ed z prohl\u00eddky jeskyn\u011b nezapomenuteln\u00fd z\u00e1\u017eitek.<\/p>\n\n\t\t<\/div>\n\t<\/div>\n\n\t<div class=\"wpb_text_column wpb_content_element\" >\n\t\t<div class=\"wpb_wrapper\">\n\t\t\t<h5>&gt; <a href=\"http:\/\/www.snezna-jama.com\/\">&gt; Nav\u0161tivte Sn\u011bhovou jeskyni<\/a><\/h5>\n\n\t\t<\/div>\n\t<\/div>\n<\/div><\/div><\/div><div class=\"wpb_column vc_column_container vc_col-sm-6\"><div class=\"vc_column-inner\"><div class=\"wpb_wrapper\">\n\t<div  class=\"wpb_single_image wpb_content_element vc_align_left\">\n\t\t\n\t\t<figure class=\"wpb_wrapper vc_figure\">\n\t\t\t<div class=\"vc_single_image-wrapper   vc_box_border_grey\"><img loading=\"lazy\" decoding=\"async\" class=\"vc_single_image-img\" src=\"https:\/\/www.ksalps.com\/wp-content\/uploads\/2022\/05\/Luce-Slika-3-scaled-890x500.jpg\" width=\"890\" height=\"500\" alt=\"OLYMPUS DIGITAL CAMERA\" title=\"OLYMPUS DIGITAL CAMERA\" \/><\/div>\n\t\t<\/figure>\n\t<\/div>\n<\/div><\/div><\/div><\/div><div class=\"vc_row-full-width vc_clearfix\"><\/div><div data-vc-full-width=\"true\" data-vc-full-width-init=\"false\" class=\"vc_row wpb_row vc_row-fluid vc_custom_1667916377540 vc_row-has-fill vc_row-o-content-middle vc_row-flex\"><div class=\"wpb_column vc_column_container vc_col-sm-6\"><div class=\"vc_column-inner\"><div class=\"wpb_wrapper\">\n\t<div  class=\"wpb_single_image wpb_content_element vc_align_left\">\n\t\t\n\t\t<figure class=\"wpb_wrapper vc_figure\">\n\t\t\t<div class=\"vc_single_image-wrapper   vc_box_border_grey\"><img loading=\"lazy\" decoding=\"async\" class=\"vc_single_image-img\" src=\"https:\/\/www.ksalps.com\/wp-content\/uploads\/2022\/05\/Hisa-Raduha-890x500.jpg\" width=\"890\" height=\"500\" alt=\"Hi\u0161a Raduha\" title=\"Hi\u0161a Raduha\" \/><\/div>\n\t\t<\/figure>\n\t<\/div>\n<\/div><\/div><\/div><div class=\"wpb_column vc_column_container vc_col-sm-6\"><div class=\"vc_column-inner\"><div class=\"wpb_wrapper\"><h4 style=\"text-align: left\" class=\"vc_custom_heading\" >D\u016fm Raduha, pojmenovan\u00fd podle stejnojmenn\u00e9 hory, je jednou z povinn\u00fdch zast\u00e1vek p\u0159i n\u00e1v\u0161t\u011bv\u011b m\u011bste\u010dka Lu\u010de.<\/h4>\n\t<div class=\"wpb_text_column wpb_content_element\" >\n\t\t<div class=\"wpb_wrapper\">\n\t\t\t<p>Rodina Breznik\u016f poskytuje vynikaj\u00edc\u00ed kulin\u00e1\u0159sk\u00e9 z\u00e1\u017eitky a nev\u0161edn\u00ed z\u00e1\u017eitek nab\u00edz\u00ed i p\u0159enocov\u00e1n\u00ed v n\u011bkter\u00e9m ze stromov\u00fdch domk\u016f, na sen\u00edku nebo ve zrenovovan\u00e9 star\u00e9 stodole. D\u00edky dom\u00e1c\u00edm surovin\u00e1m a m\u00edstn\u00edm dodavatel\u016fm je ka\u017ed\u00e1 ve\u010de\u0159e v podob\u011b menu o 4 nebo 7 chodech p\u0159\u00edb\u011bhem sama o sob\u011b. Podnik, kter\u00fd byl otev\u0159en v roce 1875, se nach\u00e1z\u00ed ve star\u00e9m centru vesnice Lu\u010de a za jeho zahradou prot\u00e9k\u00e1 \u0159eka Savinja.<\/p>\n\n\t\t<\/div>\n\t<\/div>\n\n\t<div class=\"wpb_text_column wpb_content_element\" >\n\t\t<div class=\"wpb_wrapper\">\n\t\t\t<h5>&gt; <a href=\"https:\/\/raduha.com\/\">&gt; Nav\u0161tivte Raduh\u016fv d\u016fm<\/a><\/h5>\n\n\t\t<\/div>\n\t<\/div>\n<\/div><\/div><\/div><\/div><div class=\"vc_row-full-width vc_clearfix\"><\/div>\n<\/section>","protected":false},"excerpt":{"rendered":"Lu\u010de, destinacija v zavetju Kamni\u0161ko-Savinjskih Alp, le\u017eijo v zgornjem povirju reke Savinje. Lega na stiku alpskega in predalpskega sveta vpliva na izredno geolo\u0161ko raznovrstnost, ki se na severu ka\u017ee s strmim apnen\u010dastim svetom, na jugu pa kot ni\u017eje, zaobljeno hribovje, ugodno za poselitev. Nekaj manj kot polovico ozemlja destinacije obsega obmo\u010dje Natura 2000. Sredi\u0161\u010de ob\u010dine [...]","protected":false},"author":1,"featured_media":0,"parent":0,"menu_order":0,"comment_status":"closed","ping_status":"closed","template":"","meta":{"footnotes":""},"class_list":["post-2811","page","type-page","status-publish","hentry"],"_links":{"self":[{"href":"https:\/\/www.ksalps.com\/cs\/wp-json\/wp\/v2\/pages\/2811","targetHints":{"allow":["GET"]}}],"collection":[{"href":"https:\/\/www.ksalps.com\/cs\/wp-json\/wp\/v2\/pages"}],"about":[{"href":"https:\/\/www.ksalps.com\/cs\/wp-json\/wp\/v2\/types\/page"}],"author":[{"embeddable":true,"href":"https:\/\/www.ksalps.com\/cs\/wp-json\/wp\/v2\/users\/1"}],"replies":[{"embeddable":true,"href":"https:\/\/www.ksalps.com\/cs\/wp-json\/wp\/v2\/comments?post=2811"}],"version-history":[{"count":13,"href":"https:\/\/www.ksalps.com\/cs\/wp-json\/wp\/v2\/pages\/2811\/revisions"}],"predecessor-version":[{"id":3274,"href":"https:\/\/www.ksalps.com\/cs\/wp-json\/wp\/v2\/pages\/2811\/revisions\/3274"}],"wp:attachment":[{"href":"https:\/\/www.ksalps.com\/cs\/wp-json\/wp\/v2\/media?parent=2811"}],"curies":[{"name":"wp","href":"https:\/\/api.w.org\/{rel}","templated":true}]}}