{"id":2801,"date":"2022-02-01T14:20:57","date_gmt":"2022-02-01T13:20:57","guid":{"rendered":"https:\/\/www.ksalps.com\/?page_id=2801"},"modified":"2022-12-10T21:16:27","modified_gmt":"2022-12-10T20:16:27","slug":"jezersko","status":"publish","type":"page","link":"https:\/\/www.ksalps.com\/cs\/jezersko\/","title":{"rendered":"Jezersko"},"content":{"rendered":"<section class=\"wpb-content-wrapper\"><div data-vc-full-width=\"true\" data-vc-full-width-init=\"false\" class=\"vc_row wpb_row vc_row-fluid vc_custom_1667916163880 vc_row-has-fill vc_row-o-content-middle vc_row-flex\"><div class=\"wpb_column vc_column_container vc_col-sm-6\"><div class=\"vc_column-inner\"><div class=\"wpb_wrapper\">\n\t<div  class=\"wpb_single_image wpb_content_element vc_align_left\">\n\t\t\n\t\t<figure class=\"wpb_wrapper vc_figure\">\n\t\t\t<div class=\"vc_single_image-wrapper   vc_box_border_grey\"><img loading=\"lazy\" decoding=\"async\" width=\"2560\" height=\"1707\" src=\"https:\/\/www.ksalps.com\/wp-content\/uploads\/2022\/05\/Jezersko-scaled.jpg\" class=\"vc_single_image-img attachment-full\" alt=\"\" title=\"Jezersko\" srcset=\"https:\/\/www.ksalps.com\/wp-content\/uploads\/2022\/05\/Jezersko-scaled.jpg 2560w, https:\/\/www.ksalps.com\/wp-content\/uploads\/2022\/05\/Jezersko-300x200.jpg 300w, https:\/\/www.ksalps.com\/wp-content\/uploads\/2022\/05\/Jezersko-1024x683.jpg 1024w, https:\/\/www.ksalps.com\/wp-content\/uploads\/2022\/05\/Jezersko-768x512.jpg 768w, https:\/\/www.ksalps.com\/wp-content\/uploads\/2022\/05\/Jezersko-80x53.jpg 80w, https:\/\/www.ksalps.com\/wp-content\/uploads\/2022\/05\/Jezersko-1536x1024.jpg 1536w, https:\/\/www.ksalps.com\/wp-content\/uploads\/2022\/05\/Jezersko-2048x1365.jpg 2048w, https:\/\/www.ksalps.com\/wp-content\/uploads\/2022\/05\/Jezersko-18x12.jpg 18w\" sizes=\"auto, (max-width: 2560px) 100vw, 2560px\" \/><\/div>\n\t\t<\/figure>\n\t<\/div>\n<\/div><\/div><\/div><div class=\"wpb_column vc_column_container vc_col-sm-6\"><div class=\"vc_column-inner\"><div class=\"wpb_wrapper\"><h4 style=\"text-align: left\" class=\"vc_custom_heading\" >Jezersko je zelen\u00e9 ledovcov\u00e9 \u00fadol\u00ed sev\u0159en\u00e9 Kamnicko-Savinjsk\u00fdmi Alpami a je z\u00e1rove\u0148 prvn\u00ed vesnic\u00ed zapojenou do projektu Horalsk\u00fdch vesni\u010dek ve Slovinsku.<\/h4>\n\t<div class=\"wpb_text_column wpb_content_element\" >\n\t\t<div class=\"wpb_wrapper\">\n\t\t\t<p>Nab\u00edz\u00ed nep\u0159ebern\u00e9 mno\u017estv\u00ed r\u016fzn\u00fdch z\u00e1\u017eitk\u016f, proto\u017ee je protk\u00e1no p\u011b\u0161\u00edmi i horolezeck\u00fdmi trasami. Vedle turistick\u00fdch po\u017eitk\u016f v\u0161ech stup\u0148\u016f obt\u00ed\u017enosti nab\u00edz\u00ed tak\u00e9 \u0161irokou \u0161k\u00e1lu horolezeck\u00fdch t\u00far, a to jak v l\u00e9t\u011b, tak v zim\u011b. Rozs\u00e1hl\u00e9 lesy, louky a pr\u016fzra\u010dn\u00e9 pot\u016f\u010dky a z\u00e1rove\u0148 zachoval\u00e9 a bohat\u00e9 kulturn\u00edho d\u011bdictv\u00ed, sv\u011bd\u010d\u00ed o v\u00fdjime\u010dn\u00e9m souladu \u010dlov\u011bka s p\u0159\u00edrodou. K rozvoji turistick\u00e9ho ruchu zde p\u0159istupuj\u00ed udr\u017eiteln\u00fdm zp\u016fsobem, vych\u00e1z\u00ed z horalsk\u00fdch tradic a nab\u00edz\u00ed n\u00e1v\u0161t\u011bvn\u00edk\u016fm aktivn\u00ed tr\u00e1ven\u00ed voln\u00e9ho \u010dasu bez rozs\u00e1hl\u00e9 a p\u0159\u00edli\u0161 ru\u0161iv\u00e9 infrastruktury.<\/p>\n\n\t\t<\/div>\n\t<\/div>\n\n\t<div class=\"wpb_text_column wpb_content_element\" >\n\t\t<div class=\"wpb_wrapper\">\n\t\t\t<h5><a href=\"https:\/\/www.jezersko.info\/\">&gt; P\u0159e\u010dt\u011bte si v\u00edce<\/a><\/h5>\n\n\t\t<\/div>\n\t<\/div>\n<\/div><\/div><\/div><\/div><div class=\"vc_row-full-width vc_clearfix\"><\/div><div data-vc-full-width=\"true\" data-vc-full-width-init=\"false\" class=\"vc_row wpb_row vc_row-fluid vc_custom_1667916170785 vc_row-has-fill vc_row-o-content-middle vc_row-flex\"><div class=\"wpb_column vc_column_container vc_col-sm-6\"><div class=\"vc_column-inner\"><div class=\"wpb_wrapper\"><h4 style=\"text-align: left\" class=\"vc_custom_heading\" >Jezero ve tvaru srdce p\u0159ehradili m\u00edstn\u00ed obyvatel\u00e9 na pam\u00e1tku b\u00fdval\u00e9ho velk\u00e9ho ledovcov\u00e9ho jezera, kter\u00e9 dalo m\u00edstu jm\u00e9no.<\/h4>\n\t<div class=\"wpb_text_column wpb_content_element\" >\n\t\t<div class=\"wpb_wrapper\">\n\t\t\t<p>Je symbolem Jezerska a jeho nejatraktivn\u011bj\u0161\u00edm m\u00edstem. Proch\u00e1zky k Plan\u0161arsk\u00e9mu jezeru jsou obl\u00edben\u00e9 u m\u00edstn\u00edch i turist\u016f a penzion u jezera nab\u00edz\u00ed vynikaj\u00edc\u00ed lok\u00e1ln\u00ed kuchyni. V l\u00e9t\u011b se m\u016f\u017eete po jeze\u0159e projet na lo\u010fk\u00e1ch a SUPech nebo se jen tak proj\u00edt po b\u0159ehu.<\/p>\n\n\t\t<\/div>\n\t<\/div>\n\n\t<div class=\"wpb_text_column wpb_content_element\" >\n\t\t<div class=\"wpb_wrapper\">\n\t\t\t<h5><a href=\"https:\/\/www.jezersko.info\/plansarsko-jezero.html\">&gt; P\u0159e\u010dt\u011bte si v\u00edce<\/a><\/h5>\n\n\t\t<\/div>\n\t<\/div>\n<\/div><\/div><\/div><div class=\"wpb_column vc_column_container vc_col-sm-6\"><div class=\"vc_column-inner\"><div class=\"wpb_wrapper\">\n\t<div  class=\"wpb_single_image wpb_content_element vc_align_left\">\n\t\t\n\t\t<figure class=\"wpb_wrapper vc_figure\">\n\t\t\t<div class=\"vc_single_image-wrapper   vc_box_border_grey\"><img loading=\"lazy\" decoding=\"async\" class=\"vc_single_image-img\" src=\"https:\/\/www.ksalps.com\/wp-content\/uploads\/2022\/05\/Jezero-800x500.jpg\" width=\"800\" height=\"500\" alt=\"Pohodni\u0161tvo\" title=\"Jezero\" \/><\/div>\n\t\t<\/figure>\n\t<\/div>\n<\/div><\/div><\/div><\/div><div class=\"vc_row-full-width vc_clearfix\"><\/div><div data-vc-full-width=\"true\" data-vc-full-width-init=\"false\" class=\"vc_row wpb_row vc_row-fluid vc_custom_1667916177726 vc_row-has-fill vc_row-o-content-middle vc_row-flex\"><div class=\"wpb_column vc_column_container vc_col-sm-6\"><div class=\"vc_column-inner\"><div class=\"wpb_wrapper\">\n\t<div  class=\"wpb_single_image wpb_content_element vc_align_left\">\n\t\t\n\t\t<figure class=\"wpb_wrapper vc_figure\">\n\t\t\t<div class=\"vc_single_image-wrapper   vc_box_border_grey\"><img loading=\"lazy\" decoding=\"async\" class=\"vc_single_image-img\" src=\"https:\/\/www.ksalps.com\/wp-content\/uploads\/2022\/05\/Smucanje-890x500.jpg\" width=\"890\" height=\"500\" alt=\"SONY DSC\" title=\"SONY DSC\" \/><\/div>\n\t\t<\/figure>\n\t<\/div>\n<\/div><\/div><\/div><div class=\"wpb_column vc_column_container vc_col-sm-6\"><div class=\"vc_column-inner\"><div class=\"wpb_wrapper\"><h4 style=\"text-align: left\" class=\"vc_custom_heading\" >Jezersko se v posledn\u00edch letech stalo centrem b\u011b\u017eeck\u00e9ho ly\u017eov\u00e1n\u00ed s 15 kilometry b\u011b\u017eeck\u00fdch trat\u00ed.<\/h4>\n\t<div class=\"wpb_text_column wpb_content_element\" >\n\t\t<div class=\"wpb_wrapper\">\n\t\t\t<p>V\u00fdchoz\u00edm bodem pro milovn\u00edky b\u011b\u017eeck\u00e9ho ly\u017eov\u00e1n\u00ed je Plan\u0161arsk\u00e9 jezero, kde je v zim\u011b tak\u00e9 um\u011bl\u00e9 kluzi\u0161t\u011b. Jezersko je tak\u00e9 r\u00e1jem pro skialpinisty, ale i pro n\u00e1ro\u010dn\u011bj\u0161\u00ed milovn\u00edky hor, kte\u0159\u00ed podnikaj\u00ed freeridov\u00e9 sjezdy nebo lezen\u00ed na ledov\u00e9 vodop\u00e1dy. M\u016f\u017eete se sem vydat i za z\u00e1bavou na upraven\u00fdch s\u00e1\u0148ka\u0159sk\u00fdch drah\u00e1ch, nebo prozkoumat okol\u00ed na sn\u011b\u017enic\u00edch.<\/p>\n\n\t\t<\/div>\n\t<\/div>\n\n\t<div class=\"wpb_text_column wpb_content_element\" >\n\t\t<div class=\"wpb_wrapper\">\n\t\t\t<h5><a href=\"https:\/\/park-jezersko.si\/\">&gt; Prozkoumejte v\u00edce<\/a><\/h5>\n\n\t\t<\/div>\n\t<\/div>\n<\/div><\/div><\/div><\/div><div class=\"vc_row-full-width vc_clearfix\"><\/div><div data-vc-full-width=\"true\" data-vc-full-width-init=\"false\" class=\"vc_row wpb_row vc_row-fluid vc_custom_1667916184430 vc_row-has-fill vc_row-o-content-middle vc_row-flex\"><div class=\"wpb_column vc_column_container vc_col-sm-6\"><div class=\"vc_column-inner\"><div class=\"wpb_wrapper\"><h4 style=\"text-align: left\" class=\"vc_custom_heading\" >L\u00e9\u010div\u00e1 miner\u00e1ln\u00ed voda, zvan\u00e1 Jezersk\u00e1 slatina, pramen\u00ed nad usedlost\u00ed Ankova doma\u010dija na Jezersku.<\/h4>\n\t<div class=\"wpb_text_column wpb_content_element\" >\n\t\t<div class=\"wpb_wrapper\">\n\t\t\t<p>Doporu\u010duje se zejm\u00e9na pacient\u016fm s nemocemi srdce a krevn\u00edho ob\u011bhu, jako zdravotn\u00ed koupel se pou\u017e\u00edv\u00e1 tak\u00e9 v N\u011bmecku a sousedn\u00edm m\u011bst\u011b Eisenkappel. O prameni se zmi\u0148uje ji\u017e v 17. stolet\u00ed Janez Vajkard Valvasor a k jeho popularit\u011b p\u0159isp\u011blo i jeho vyu\u017eit\u00ed pro turistick\u00e9 \u00fa\u010dely, kter\u00e9 v posledn\u00edch letech o\u017eivili provozovatel\u00e9 cestovn\u00edho ruchu na Jezersku.<\/p>\n\n\t\t<\/div>\n\t<\/div>\n\n\t<div class=\"wpb_text_column wpb_content_element\" >\n\t\t<div class=\"wpb_wrapper\">\n\t\t\t<h5><a href=\"https:\/\/www.jezersko.info\/izvir-mineralne-vode.html\">&gt; P\u0159e\u010dt\u011bte si v\u00edce<\/a><\/h5>\n\n\t\t<\/div>\n\t<\/div>\n<\/div><\/div><\/div><div class=\"wpb_column vc_column_container vc_col-sm-6\"><div class=\"vc_column-inner\"><div class=\"wpb_wrapper\">\n\t<div  class=\"wpb_single_image wpb_content_element vc_align_left\">\n\t\t\n\t\t<figure class=\"wpb_wrapper vc_figure\">\n\t\t\t<div class=\"vc_single_image-wrapper   vc_box_border_grey\"><img loading=\"lazy\" decoding=\"async\" class=\"vc_single_image-img\" src=\"https:\/\/www.ksalps.com\/wp-content\/uploads\/2022\/05\/Ankova-slapova-800x500.jpg\" width=\"800\" height=\"500\" alt=\"Ankova slapova\" title=\"Ankova slapova\" \/><\/div>\n\t\t<\/figure>\n\t<\/div>\n<\/div><\/div><\/div><\/div><div class=\"vc_row-full-width vc_clearfix\"><\/div><div data-vc-full-width=\"true\" data-vc-full-width-init=\"false\" class=\"vc_row wpb_row vc_row-fluid vc_custom_1667916191246 vc_row-has-fill vc_row-o-content-middle vc_row-flex\"><div class=\"wpb_column vc_column_container vc_col-sm-6\"><div class=\"vc_column-inner\"><div class=\"wpb_wrapper\">\n\t<div  class=\"wpb_single_image wpb_content_element vc_align_left\">\n\t\t\n\t\t<figure class=\"wpb_wrapper vc_figure\">\n\t\t\t<div class=\"vc_single_image-wrapper   vc_box_border_grey\"><img loading=\"lazy\" decoding=\"async\" class=\"vc_single_image-img\" src=\"https:\/\/www.ksalps.com\/wp-content\/uploads\/2022\/05\/Ceska-koca-800x500.jpg\" width=\"800\" height=\"500\" alt=\"\u010ce\u0161ka ko\u010da\" title=\"Horsk\u00e1 chata \u010ce\u0161ka ko\u010da\" \/><\/div>\n\t\t<\/figure>\n\t<\/div>\n<\/div><\/div><\/div><div class=\"wpb_column vc_column_container vc_col-sm-6\"><div class=\"vc_column-inner\"><div class=\"wpb_wrapper\"><h4 style=\"text-align: left\" class=\"vc_custom_heading\" >Pod severn\u00ed st\u011bnou hory Grintovec se nach\u00e1z\u00ed nejstar\u0161\u00ed slovinsk\u00e1 horsk\u00e1 bouda zachovan\u00e1 v p\u016fvodn\u00ed podob\u011b - \u010ce\u0161ka ko\u010da.<\/h4>\n\t<div class=\"wpb_text_column wpb_content_element\" >\n\t\t<div class=\"wpb_wrapper\">\n\t\t\t<p>Chatu postavili \u010dlenov\u00e9 \u010desk\u00e9 odno\u017ee Slovinsk\u00e9ho horolezeck\u00e9ho svazu a jej\u00ed architektonick\u00e1 podoba kop\u00edruje \u010deskou selskou chatu v kombinaci s n\u011bkter\u00fdmi \u201ejezersk\u00fdmi\u201c stavebn\u00edmi prvky. Materi\u00e1l na chatu byl z\u00edsk\u00e1n k\u00e1cen\u00edm okoln\u00edch mod\u0159\u00edn\u016f a byla postavena za jeden rok. K chat\u011b vede pom\u011brn\u011b nen\u00e1ro\u010dn\u00e1 turistick\u00e1 trasa, kter\u00e1 zejm\u00e9na v horn\u00ed \u010d\u00e1sti vy\u017eaduje po\u0159\u00e1dnou horolezeckou obuv a kondici. Druhou mo\u017enost\u00ed, jak se dostat na chalupu \u010ce\u0161ka ko\u010da, je prvn\u00ed sportovn\u00ed Via Ferrata ve slovinsk\u00fdch Alp\u00e1ch.<\/p>\n\n\t\t<\/div>\n\t<\/div>\n\n\t<div class=\"wpb_text_column wpb_content_element\" >\n\t\t<div class=\"wpb_wrapper\">\n\t\t\t<h5><a href=\"https:\/\/www.jezersko.info\/varno-v-ferate-nasveti-iz-prakse-05-09-2020.html\">&gt; P\u0159e\u010dt\u011bte si v\u00edce<\/a><\/h5>\n\n\t\t<\/div>\n\t<\/div>\n<\/div><\/div><\/div><\/div><div class=\"vc_row-full-width vc_clearfix\"><\/div>\n<\/section>","protected":false},"excerpt":{"rendered":"Jezersko je z vencem Kamni\u0161ko-Savinjskih Alp ograjena zelena ledeni\u0161ka dolina, ki je prva Gorni\u0161ka vas v Sloveniji. Ponuja bogastvo razli\u010dnih do\u017eivetij, saj je prepredeno s sprehajalnimi in planinskimi potmi. Ob pohodni\u0161kih u\u017eitkih vseh te\u017eavnosti pa omogo\u010da tudi bogat izbor plezalnih tur, tako poleti kot pozimi. Prostrani gozdovi, travniki in bistrost potokov ter ohranjeno bogastvo kulturne [...]","protected":false},"author":1,"featured_media":0,"parent":0,"menu_order":0,"comment_status":"closed","ping_status":"closed","template":"","meta":{"footnotes":""},"class_list":["post-2801","page","type-page","status-publish","hentry"],"_links":{"self":[{"href":"https:\/\/www.ksalps.com\/cs\/wp-json\/wp\/v2\/pages\/2801","targetHints":{"allow":["GET"]}}],"collection":[{"href":"https:\/\/www.ksalps.com\/cs\/wp-json\/wp\/v2\/pages"}],"about":[{"href":"https:\/\/www.ksalps.com\/cs\/wp-json\/wp\/v2\/types\/page"}],"author":[{"embeddable":true,"href":"https:\/\/www.ksalps.com\/cs\/wp-json\/wp\/v2\/users\/1"}],"replies":[{"embeddable":true,"href":"https:\/\/www.ksalps.com\/cs\/wp-json\/wp\/v2\/comments?post=2801"}],"version-history":[{"count":16,"href":"https:\/\/www.ksalps.com\/cs\/wp-json\/wp\/v2\/pages\/2801\/revisions"}],"predecessor-version":[{"id":3271,"href":"https:\/\/www.ksalps.com\/cs\/wp-json\/wp\/v2\/pages\/2801\/revisions\/3271"}],"wp:attachment":[{"href":"https:\/\/www.ksalps.com\/cs\/wp-json\/wp\/v2\/media?parent=2801"}],"curies":[{"name":"wp","href":"https:\/\/api.w.org\/{rel}","templated":true}]}}