{"id":2798,"date":"2022-02-01T14:10:28","date_gmt":"2022-02-01T13:10:28","guid":{"rendered":"https:\/\/www.ksalps.com\/?page_id=2798"},"modified":"2022-12-10T21:13:34","modified_gmt":"2022-12-10T20:13:34","slug":"cerklje-na-gorenjskem","status":"publish","type":"page","link":"https:\/\/www.ksalps.com\/cs\/cerklje-na-gorenjskem\/","title":{"rendered":"Cerklje na Gorenjskem"},"content":{"rendered":"<section class=\"wpb-content-wrapper\"><div data-vc-full-width=\"true\" data-vc-full-width-init=\"false\" class=\"vc_row wpb_row vc_row-fluid vc_custom_1667916077473 vc_row-has-fill vc_row-o-content-middle vc_row-flex\"><div class=\"wpb_column vc_column_container vc_col-sm-6\"><div class=\"vc_column-inner\"><div class=\"wpb_wrapper\">\n\t<div  class=\"wpb_single_image wpb_content_element vc_align_left\">\n\t\t\n\t\t<figure class=\"wpb_wrapper vc_figure\">\n\t\t\t<div class=\"vc_single_image-wrapper   vc_box_border_grey\"><img loading=\"lazy\" decoding=\"async\" width=\"2560\" height=\"1449\" src=\"https:\/\/www.ksalps.com\/wp-content\/uploads\/2022\/05\/Cerklje-na-Gorenjskem-scaled.jpg\" class=\"vc_single_image-img attachment-full\" alt=\"\" title=\"Cerklje na Gorenjskem\" srcset=\"https:\/\/www.ksalps.com\/wp-content\/uploads\/2022\/05\/Cerklje-na-Gorenjskem-scaled.jpg 2560w, https:\/\/www.ksalps.com\/wp-content\/uploads\/2022\/05\/Cerklje-na-Gorenjskem-300x170.jpg 300w, https:\/\/www.ksalps.com\/wp-content\/uploads\/2022\/05\/Cerklje-na-Gorenjskem-1024x580.jpg 1024w, https:\/\/www.ksalps.com\/wp-content\/uploads\/2022\/05\/Cerklje-na-Gorenjskem-768x435.jpg 768w, https:\/\/www.ksalps.com\/wp-content\/uploads\/2022\/05\/Cerklje-na-Gorenjskem-80x45.jpg 80w, https:\/\/www.ksalps.com\/wp-content\/uploads\/2022\/05\/Cerklje-na-Gorenjskem-1536x869.jpg 1536w, https:\/\/www.ksalps.com\/wp-content\/uploads\/2022\/05\/Cerklje-na-Gorenjskem-2048x1159.jpg 2048w, https:\/\/www.ksalps.com\/wp-content\/uploads\/2022\/05\/Cerklje-na-Gorenjskem-18x10.jpg 18w\" sizes=\"auto, (max-width: 2560px) 100vw, 2560px\" \/><\/div>\n\t\t<\/figure>\n\t<\/div>\n<\/div><\/div><\/div><div class=\"wpb_column vc_column_container vc_col-sm-6\"><div class=\"vc_column-inner\"><div class=\"wpb_wrapper\"><h4 style=\"text-align: left\" class=\"vc_custom_heading\" >N\u00e1\u0161 kraj je prvn\u00ed kontaktn\u00ed m\u00edsto se Slovinskem a jeho zelenou alpskou krajinou, proto\u017ee se nach\u00e1z\u00ed nedaleko nejv\u011bt\u0161\u00edho slovinsk\u00e9ho leti\u0161t\u011b.<\/h4>\n\t<div class=\"wpb_text_column wpb_content_element\" >\n\t\t<div class=\"wpb_wrapper\">\n\t\t\t<p>Na k\u0159i\u017eovatce Lubla\u0148sk\u00e9 kotliny a alpsk\u00e9ho sv\u011bta Kamnicko-Savinjsk\u00fdch Alp jsou Cerklje na Gorenjskem v\u00fdchoz\u00edm bodem mnoha turistick\u00fdch a cyklistick\u00fdch tras. Krom\u011b \u010detn\u00fdch c\u00edrkevn\u00edch staveb, jako je b\u00fdval\u00fd kl\u00e1\u0161ter dominik\u00e1nek v Adregasu a kostel Nanebevzet\u00ed Panny Marie v centru m\u011bsta, m\u016f\u017eete nav\u0161t\u00edvit tak\u00e9 v\u010dela\u0159sk\u00e9 a zem\u011bd\u011blsk\u00e9 muzeum, kter\u00e9 p\u0159edstavuje historii v\u00fdvoje v\u010dela\u0159stv\u00ed. Cerklje na Gorenjskem, ji\u017e n\u011bkolikr\u00e1t ocen\u011bn\u00e1  jako nejl\u00e9pe udr\u017eovan\u00e1 a nejpohostinn\u011bj\u0161\u00ed obec ve Slovinsku, byla v roce 2018 v pr\u016fzkumu zvolena tak\u00e9 nejlep\u0161\u00edm m\u00edstem pro \u017eivot.<\/p>\n\n\t\t<\/div>\n\t<\/div>\n\n\t<div class=\"wpb_text_column wpb_content_element\" >\n\t\t<div class=\"wpb_wrapper\">\n\t\t\t<h5>&gt; <a href=\"https:\/\/www.visitcerklje.si\/\">P\u0159e\u010dt\u011bte si v\u00edce<\/a><\/h5>\n\n\t\t<\/div>\n\t<\/div>\n<\/div><\/div><\/div><\/div><div class=\"vc_row-full-width vc_clearfix\"><\/div><div data-vc-full-width=\"true\" data-vc-full-width-init=\"false\" class=\"vc_row wpb_row vc_row-fluid vc_custom_1667916085691 vc_row-has-fill vc_row-o-content-middle vc_row-flex\"><div class=\"wpb_column vc_column_container vc_col-sm-6\"><div class=\"vc_column-inner\"><div class=\"wpb_wrapper\"><h4 style=\"text-align: left\" class=\"vc_custom_heading\" >Krvavec je mohutn\u00e1 hora v Kamnicko-Savinjsk\u00fdch Alp\u00e1ch, kter\u00e1 je zn\u00e1m\u00e1 p\u0159edev\u0161\u00edm jako st\u0159edisko zimn\u00edch sport\u016f s ly\u017ea\u0159sk\u00fdm are\u00e1lem vzd\u00e1len\u00fdm pouh\u00fdch 25 km od hlavn\u00edho m\u011bsta.<\/h4>\n\t<div class=\"wpb_text_column wpb_content_element\" >\n\t\t<div class=\"wpb_wrapper\">\n\t\t\t<p>Ly\u017ea\u0159sk\u00fd are\u00e1l, do kter\u00e9ho se dostanete lanovkou, m\u00e1 celkem 26 kilometr\u016f sjezdovek a 13 lanovek. Krom\u011b ly\u017ea\u0159sk\u00e9 \u0161koly m\u016f\u017eete na Krvavci vyzkou\u0161et tak\u00e9 skialpinismus nebo si ve\u010der sjet osv\u011btlenou s\u00e1\u0148ka\u0159skou dr\u00e1hu. Krvavec nab\u00edz\u00ed p\u016fj\u010dovnu ve\u0161ker\u00e9ho vybaven\u00ed pro zimn\u00ed aktivity a m\u00e1 dlouholet\u00e9 zku\u0161enosti v oblasti kvalitn\u00edch slu\u017eeb.<\/p>\n\n\t\t<\/div>\n\t<\/div>\n\n\t<div class=\"wpb_text_column wpb_content_element\" >\n\t\t<div class=\"wpb_wrapper\">\n\t\t\t<h5>&gt; <a href=\"https:\/\/www.rtc-krvavec.si\/\">Prozkoumat v\u00edce<\/a><\/h5>\n\n\t\t<\/div>\n\t<\/div>\n<\/div><\/div><\/div><div class=\"wpb_column vc_column_container vc_col-sm-6\"><div class=\"vc_column-inner\"><div class=\"wpb_wrapper\">\n\t<div  class=\"wpb_single_image wpb_content_element vc_align_left\">\n\t\t\n\t\t<figure class=\"wpb_wrapper vc_figure\">\n\t\t\t<div class=\"vc_single_image-wrapper   vc_box_border_grey\"><img loading=\"lazy\" decoding=\"async\" class=\"vc_single_image-img\" src=\"https:\/\/www.ksalps.com\/wp-content\/uploads\/2022\/05\/Krvavec-pozimi-scaled-890x500.jpg\" width=\"890\" height=\"500\" alt=\"Krvavec pozimi\" title=\"Krvavec pozimi\" \/><\/div>\n\t\t<\/figure>\n\t<\/div>\n<\/div><\/div><\/div><\/div><div class=\"vc_row-full-width vc_clearfix\"><\/div><div data-vc-full-width=\"true\" data-vc-full-width-init=\"false\" class=\"vc_row wpb_row vc_row-fluid vc_custom_1667916093417 vc_row-has-fill vc_row-o-content-middle vc_row-flex\"><div class=\"wpb_column vc_column_container vc_col-sm-6\"><div class=\"vc_column-inner\"><div class=\"wpb_wrapper\">\n\t<div  class=\"wpb_single_image wpb_content_element vc_align_left\">\n\t\t\n\t\t<figure class=\"wpb_wrapper vc_figure\">\n\t\t\t<div class=\"vc_single_image-wrapper   vc_box_border_grey\"><img loading=\"lazy\" decoding=\"async\" class=\"vc_single_image-img\" src=\"https:\/\/www.ksalps.com\/wp-content\/uploads\/2022\/05\/Krvavec-poleti-scaled-890x500.jpg\" width=\"890\" height=\"500\" alt=\"Krvavec poleti\" title=\"Krvavec poleti\" \/><\/div>\n\t\t<\/figure>\n\t<\/div>\n<\/div><\/div><\/div><div class=\"wpb_column vc_column_container vc_col-sm-6\"><div class=\"vc_column-inner\"><div class=\"wpb_wrapper\"><h4 style=\"text-align: left\" class=\"vc_custom_heading\" >Krvavec nab\u00edz\u00ed mnoho aktivit tak\u00e9 v l\u00e9t\u011b, kdy je mimo jin\u00e9 otev\u0159en i z\u00e1\u017eitkov\u00fd park.<\/h4>\n\t<div class=\"wpb_text_column wpb_content_element\" >\n\t\t<div class=\"wpb_wrapper\">\n\t\t\t<p>Adrenalinov\u00fd polygon, kter\u00fd vede lesem, je s \u00fakoly r\u016fzn\u00fdch stup\u0148\u016f obt\u00ed\u017enosti dobrodru\u017estv\u00edm pro celou rodinu. Krom\u011b toho se mohou n\u00e1v\u0161t\u011bvn\u00edci v\u0161ech v\u011bkov\u00fdch kategori\u00ed bavit na lezeck\u00e9 st\u011bn\u011b, p\u0159i tubingu nebo hran\u00ed frisbee golfu. Krvavec je tak\u00e9 obl\u00edben\u00fdm c\u00edlem p\u011b\u0161\u00ed turistiky, cykloturistiky, a nach\u00e1z\u00ed se zde i jeden z p\u0159edn\u00edch evropsk\u00fdch bikepark\u016f.<\/p>\n\n\t\t<\/div>\n\t<\/div>\n\n\t<div class=\"wpb_text_column wpb_content_element\" >\n\t\t<div class=\"wpb_wrapper\">\n\t\t\t<h5>&gt; <a href=\"https:\/\/www.rtc-krvavec.si\/si\/dozivetje\/pustolovski-park\">Prozkoumat v\u00edce<\/a><\/h5>\n\n\t\t<\/div>\n\t<\/div>\n<\/div><\/div><\/div><\/div><div class=\"vc_row-full-width vc_clearfix\"><\/div><div data-vc-full-width=\"true\" data-vc-full-width-init=\"false\" class=\"vc_row wpb_row vc_row-fluid vc_custom_1667916100751 vc_row-has-fill vc_row-o-content-middle vc_row-flex\"><div class=\"wpb_column vc_column_container vc_col-sm-6\"><div class=\"vc_column-inner\"><div class=\"wpb_wrapper\"><h4 style=\"text-align: left\" class=\"vc_custom_heading\" >Od\u011bn\u00fd do tajupln\u00e9 atmosf\u00e9ry je Grad Strmol, kter\u00fd je jedn\u00edm z nejstar\u0161\u00edch dochovan\u00fdch hrad\u016f a pr\u00fd i jedno z nejkr\u00e1sn\u011bj\u0161\u00edch svatebn\u00edch m\u00edst ve Slovinsku.<\/h4>\n\t<div class=\"wpb_text_column wpb_content_element\" >\n\t\t<div class=\"wpb_wrapper\">\n\t\t\t<p>Romantick\u00e1 podoba starobyl\u00e9ho hradu, kter\u00fd vl\u00e1dne pe\u010dliv\u011b upraven\u00e9mu panstv\u00ed, zaujme na prvn\u00ed pohled. Hrad, pojmenovan\u00fd po sv\u00fdch prvn\u00edch majitel\u00edch Strmolsk\u00fdch, je jedn\u00edm z m\u00e1la, kter\u00e9 si zachovaly sv\u00e9 slovinsk\u00e9 jm\u00e9no. Promy\u0161len\u011b vybran\u00fd p\u0159edv\u00e1le\u010dn\u00fd n\u00e1bytek, um\u011bleck\u00e1 d\u00edla a dal\u0161\u00ed cenn\u00e9 p\u0159edm\u011bty na ka\u017ed\u00e9m kroku vypr\u00e1v\u011bj\u00ed p\u0159\u00edb\u011bhy d\u00e1vn\u00fdch \u010das\u016f a vytv\u00e1\u0159ej\u00ed p\u0159\u00edjemnou atmosf\u00e9ru.<\/p>\n\n\t\t<\/div>\n\t<\/div>\n\n\t<div class=\"wpb_text_column wpb_content_element\" >\n\t\t<div class=\"wpb_wrapper\">\n\t\t\t<h5>&gt; <a href=\"https:\/\/brdo.si\/objekti\/grad-strmol-2\/\">P\u0159e\u010dt\u011bte si v\u00edce<\/a><\/h5>\n\n\t\t<\/div>\n\t<\/div>\n<\/div><\/div><\/div><div class=\"wpb_column vc_column_container vc_col-sm-6\"><div class=\"vc_column-inner\"><div class=\"wpb_wrapper\">\n\t<div  class=\"wpb_single_image wpb_content_element vc_align_left\">\n\t\t\n\t\t<figure class=\"wpb_wrapper vc_figure\">\n\t\t\t<div class=\"vc_single_image-wrapper   vc_box_border_grey\"><img loading=\"lazy\" decoding=\"async\" class=\"vc_single_image-img\" src=\"https:\/\/www.ksalps.com\/wp-content\/uploads\/2022\/05\/Grad-Strmol-scaled-890x500.jpg\" width=\"890\" height=\"500\" alt=\"Grad Strmol\" title=\"Grad Strmol\" \/><\/div>\n\t\t<\/figure>\n\t<\/div>\n<\/div><\/div><\/div><\/div><div class=\"vc_row-full-width vc_clearfix\"><\/div><div data-vc-full-width=\"true\" data-vc-full-width-init=\"false\" class=\"vc_row wpb_row vc_row-fluid vc_custom_1667916107411 vc_row-has-fill vc_row-o-content-middle vc_row-flex\"><div class=\"wpb_column vc_column_container vc_col-sm-6\"><div class=\"vc_column-inner\"><div class=\"wpb_wrapper\">\n\t<div  class=\"wpb_single_image wpb_content_element vc_align_left\">\n\t\t\n\t\t<figure class=\"wpb_wrapper vc_figure\">\n\t\t\t<div class=\"vc_single_image-wrapper   vc_box_border_grey\"><img loading=\"lazy\" decoding=\"async\" class=\"vc_single_image-img\" src=\"https:\/\/www.ksalps.com\/wp-content\/uploads\/2022\/11\/Dvor-Jezersek_Galerija_Seminarji_O-postavitev1_foto-Matic-Kremzar-890x500.jpg\" width=\"890\" height=\"500\" alt=\"Dvor Jezersek_Galerija_Seminarji_O postavitev1_foto Matic Kremzar\" title=\"Dvor Jezersek_Galerija_Seminarji_O postavitev1_foto Matic Kremzar\" \/><\/div>\n\t\t<\/figure>\n\t<\/div>\n<\/div><\/div><\/div><div class=\"wpb_column vc_column_container vc_col-sm-6\"><div class=\"vc_column-inner\"><div class=\"wpb_wrapper\"><h4 style=\"text-align: left\" class=\"vc_custom_heading\" >Kousek od m\u011bsta Cerklje na Gorenjskem se nach\u00e1z\u00ed kulin\u00e1\u0159sk\u00e9 centrum Dvor Jezer\u0161ek, kter\u00e9 vede jeden z nejzn\u00e1m\u011bj\u0161\u00edch slovinsk\u00fdch \u0161\u00e9fkucha\u0159\u016f Luka Jezer\u0161ek.<\/h4>\n\t<div class=\"wpb_text_column wpb_content_element\" >\n\t\t<div class=\"wpb_wrapper\">\n\t\t\t<p>V\u00edce ne\u017e 250 let star\u00e1 usedlost nab\u00edz\u00ed nejen vynikaj\u00edc\u00ed slovinskou kuchyni, ale tak\u00e9 pod jednou st\u0159echou spojuje hotel, konferen\u010dn\u00ed prostory a kucha\u0159skou Akademii Jezer\u0161ek. Usedlost je tak\u00e9 obl\u00edben\u00fdm m\u00edstem pro po\u0159\u00e1d\u00e1n\u00ed svateb.<\/p>\n\n\t\t<\/div>\n\t<\/div>\n\n\t<div class=\"wpb_text_column wpb_content_element\" >\n\t\t<div class=\"wpb_wrapper\">\n\t\t\t<h5>&gt; <a href=\"https:\/\/www.jezersek.si\/si\/lokacije\/dvor-jezersek\">Nav\u0161tivte Dvor Jezer\u0161ek<\/a><\/h5>\n\n\t\t<\/div>\n\t<\/div>\n<\/div><\/div><\/div><\/div><div class=\"vc_row-full-width vc_clearfix\"><\/div>\n<\/section>","protected":false},"excerpt":{"rendered":"Kraj predstavlja prvi stik s Slovenijo in njeno zeleno alpsko pokrajino, saj se nahaja nedale\u010d od najve\u010djega slovenskega letali\u0161\u010da. Na sti\u010di\u0161\u010du Ljubljanske kotline in alpskega sveta Kamni\u0161ko-Savinjskih Alp so Cerklje na Gorenjskem izhodi\u0161\u010de \u0161tevilnih pohodni\u0161kih in kolesarskih poti. Poleg \u0161tevilnih sakralnih objektov, kot sta nekdanji samostan dominikank v Adregasu in cerkev Marijinega Vnebovzetja v sredi\u0161\u010du [...]","protected":false},"author":1,"featured_media":0,"parent":0,"menu_order":0,"comment_status":"closed","ping_status":"closed","template":"","meta":{"footnotes":""},"class_list":["post-2798","page","type-page","status-publish","hentry"],"_links":{"self":[{"href":"https:\/\/www.ksalps.com\/cs\/wp-json\/wp\/v2\/pages\/2798","targetHints":{"allow":["GET"]}}],"collection":[{"href":"https:\/\/www.ksalps.com\/cs\/wp-json\/wp\/v2\/pages"}],"about":[{"href":"https:\/\/www.ksalps.com\/cs\/wp-json\/wp\/v2\/types\/page"}],"author":[{"embeddable":true,"href":"https:\/\/www.ksalps.com\/cs\/wp-json\/wp\/v2\/users\/1"}],"replies":[{"embeddable":true,"href":"https:\/\/www.ksalps.com\/cs\/wp-json\/wp\/v2\/comments?post=2798"}],"version-history":[{"count":11,"href":"https:\/\/www.ksalps.com\/cs\/wp-json\/wp\/v2\/pages\/2798\/revisions"}],"predecessor-version":[{"id":3270,"href":"https:\/\/www.ksalps.com\/cs\/wp-json\/wp\/v2\/pages\/2798\/revisions\/3270"}],"wp:attachment":[{"href":"https:\/\/www.ksalps.com\/cs\/wp-json\/wp\/v2\/media?parent=2798"}],"curies":[{"name":"wp","href":"https:\/\/api.w.org\/{rel}","templated":true}]}}