{"id":2783,"date":"2022-01-04T16:50:21","date_gmt":"2022-01-04T15:50:21","guid":{"rendered":"https:\/\/www.ksalps.com\/?page_id=2783"},"modified":"2022-12-10T21:12:10","modified_gmt":"2022-12-10T20:12:10","slug":"kamnik","status":"publish","type":"page","link":"https:\/\/www.ksalps.com\/cs\/kamnik\/","title":{"rendered":"Kamnik"},"content":{"rendered":"<section class=\"wpb-content-wrapper\"><div data-vc-full-width=\"true\" data-vc-full-width-init=\"false\" class=\"vc_row wpb_row vc_row-fluid vc_custom_1667915985056 vc_row-has-fill vc_row-o-content-middle vc_row-flex\"><div class=\"wpb_column vc_column_container vc_col-sm-6\"><div class=\"vc_column-inner\"><div class=\"wpb_wrapper\">\n\t<div  class=\"wpb_single_image wpb_content_element vc_align_left\">\n\t\t\n\t\t<figure class=\"wpb_wrapper vc_figure\">\n\t\t\t<div class=\"vc_single_image-wrapper   vc_box_border_grey\"><img loading=\"lazy\" decoding=\"async\" width=\"2560\" height=\"1920\" src=\"https:\/\/www.ksalps.com\/wp-content\/uploads\/2022\/05\/Kamnik-Slika-1-scaled.bmp\" class=\"vc_single_image-img attachment-full\" alt=\"\" title=\"Kamnik Slika 1\" srcset=\"https:\/\/www.ksalps.com\/wp-content\/uploads\/2022\/05\/Kamnik-Slika-1-scaled.bmp 2560w, https:\/\/www.ksalps.com\/wp-content\/uploads\/2022\/05\/Kamnik-Slika-1-300x225.jpg 300w, https:\/\/www.ksalps.com\/wp-content\/uploads\/2022\/05\/Kamnik-Slika-1-1024x768.jpg 1024w, https:\/\/www.ksalps.com\/wp-content\/uploads\/2022\/05\/Kamnik-Slika-1-768x576.jpg 768w, https:\/\/www.ksalps.com\/wp-content\/uploads\/2022\/05\/Kamnik-Slika-1-80x60.jpg 80w, https:\/\/www.ksalps.com\/wp-content\/uploads\/2022\/05\/Kamnik-Slika-1-1536x1152.jpg 1536w, https:\/\/www.ksalps.com\/wp-content\/uploads\/2022\/05\/Kamnik-Slika-1-2048x1536.jpg 2048w, https:\/\/www.ksalps.com\/wp-content\/uploads\/2022\/05\/Kamnik-Slika-1-16x12.jpg 16w\" sizes=\"auto, (max-width: 2560px) 100vw, 2560px\" \/><\/div>\n\t\t<\/figure>\n\t<\/div>\n<\/div><\/div><\/div><div class=\"wpb_column vc_column_container vc_col-sm-6\"><div class=\"vc_column-inner\"><div class=\"wpb_wrapper\"><h4 style=\"text-align: left\" class=\"vc_custom_heading\" >Kamnik je m\u011bsto v objet\u00ed Kamnicko-Savinjsk\u00fdch Alp, kter\u00e9 je pova\u017eov\u00e1no za jedno z nejkr\u00e1sn\u011bj\u0161\u00edch st\u0159edov\u011bk\u00fdch m\u011bst ve Slovinsku.<\/h4>\n\t<div class=\"wpb_text_column wpb_content_element\" >\n\t\t<div class=\"wpb_wrapper\">\n\t\t\t<p>Prvn\u00ed p\u00edsemn\u00e1 zm\u00ednka o n\u011bm poch\u00e1z\u00ed z roku 1229, jeho hrady v\u0161ak byly zmi\u0148ov\u00e1ny ji\u017e d\u0159\u00edve. Na kopci v centru m\u011bsta stoj\u00ed hr\u00e1dek Mali grad, z n\u011bho\u017e z\u016fstala u\u017e jen rom\u00e1nsk\u00e1 kaple, zat\u00edmco z\u0159\u00edcenina b\u00fdval\u00e9ho Star\u00e9ho hradu je dnes hojn\u011b nav\u0161t\u011bvovan\u00fdm turistick\u00fdm m\u00edstem s n\u00e1dhern\u00fdm v\u00fdhledem. Kr\u00e1sn\u00e9 architektonick\u00e9 d\u011bdictv\u00ed Kamniku p\u0159ipom\u00edn\u00e1 dobu, kdy byl hlavn\u00edm m\u011bstem Kra\u0148ska. Nach\u00e1z\u00ed se zde tak\u00e9 franti\u0161k\u00e1nsk\u00fd kl\u00e1\u0161ter s mimo\u0159\u00e1dn\u011b bohatou knihovnou. Kamniku bylo ud\u011bleno zlat\u00e9 ocen\u011bn\u00ed Slovenia Green Destination.<\/p>\n\n\t\t<\/div>\n\t<\/div>\n\n\t<div class=\"wpb_text_column wpb_content_element\" >\n\t\t<div class=\"wpb_wrapper\">\n\t\t\t<h5>&gt; <a href=\"https:\/\/www.visitkamnik.com\/sl\/top-atrakcije\/kamnik\">Prozkoumat v\u00edce<\/a><\/h5>\n\n\t\t<\/div>\n\t<\/div>\n<\/div><\/div><\/div><\/div><div class=\"vc_row-full-width vc_clearfix\"><\/div><div data-vc-full-width=\"true\" data-vc-full-width-init=\"false\" class=\"vc_row wpb_row vc_row-fluid vc_custom_1667915992051 vc_row-has-fill vc_row-o-content-middle vc_row-flex\"><div class=\"wpb_column vc_column_container vc_col-sm-6\"><div class=\"vc_column-inner\"><div class=\"wpb_wrapper\"><h4 style=\"text-align: left\" class=\"vc_custom_heading\" >Velika planina je snadno p\u0159\u00edstupn\u00e1 krasov\u00e1 pastvina, z jej\u00edho\u017e vrcholu jsou vid\u011bt nejvy\u0161\u0161\u00ed vrcholy Kamnicko-Savinjsk\u00fdch Alp s v\u00fdhledem a\u017e do Lublan\u011b a za hezk\u00e9ho po\u010das\u00ed i d\u00e1l.<\/h4>\n\t<div class=\"wpb_text_column wpb_content_element\" >\n\t\t<div class=\"wpb_wrapper\">\n\t\t\t<p style=\"text-align: left;\">Past\u00fd\u0159sk\u00e1 osada na ho\u0159e je jednou z m\u00e1la dochovan\u00fdch osad sv\u00e9 velikosti v Evrop\u011b a po cel\u00fd rok p\u0159itahuje mnoho n\u00e1v\u0161t\u011bvn\u00edk\u016f. Je rozpoznateln\u00e1 d\u00edky sv\u00e9 typick\u00e9 architektu\u0159e, kter\u00e1 je i jak\u00fdmsi symbolem Velik\u00e9 planiny. Osada o\u017e\u00edv\u00e1 v \u010dervnu, kdy se chaty zapln\u00ed past\u00fd\u0159i, kte\u0159\u00ed zde z\u016fst\u00e1vaj\u00ed se sv\u00fdm dobytkem a\u017e do z\u00e1\u0159\u00ed. N\u00e1v\u0161t\u011bvn\u00edky s radost\u00ed pozvou na pravou pasteveckou sva\u010dinu - kysel\u00e9 ml\u00e9ko a typickou p\u0159\u00edlohu zvanou \"\u017eganci\".<\/p>\n\n\t\t<\/div>\n\t<\/div>\n\n\t<div class=\"wpb_text_column wpb_content_element\" >\n\t\t<div class=\"wpb_wrapper\">\n\t\t\t<h5 style=\"text-align: left;\">&gt; <a href=\"https:\/\/www.visitkamnik.com\/sl\/top-atrakcije\/kamnik\">Prozkoumat v\u00edce<\/a><\/h5>\n\n\t\t<\/div>\n\t<\/div>\n<\/div><\/div><\/div><div class=\"wpb_column vc_column_container vc_col-sm-6\"><div class=\"vc_column-inner\"><div class=\"wpb_wrapper\">\n\t<div  class=\"wpb_single_image wpb_content_element vc_align_left\">\n\t\t\n\t\t<figure class=\"wpb_wrapper vc_figure\">\n\t\t\t<div class=\"vc_single_image-wrapper   vc_box_border_grey\"><img loading=\"lazy\" decoding=\"async\" class=\"vc_single_image-img\" src=\"https:\/\/www.ksalps.com\/wp-content\/uploads\/2021\/12\/hero_image-890x500.jpg\" width=\"890\" height=\"500\" alt=\"Velika planina\" title=\"Velika planina\" \/><\/div>\n\t\t<\/figure>\n\t<\/div>\n<\/div><\/div><\/div><\/div><div class=\"vc_row-full-width vc_clearfix\"><\/div><div data-vc-full-width=\"true\" data-vc-full-width-init=\"false\" class=\"vc_row wpb_row vc_row-fluid vc_custom_1667915998648 vc_row-has-fill vc_row-o-content-middle vc_row-flex\"><div class=\"wpb_column vc_column_container vc_col-sm-6\"><div class=\"vc_column-inner\"><div class=\"wpb_wrapper\">\n\t<div  class=\"wpb_single_image wpb_content_element vc_align_left\">\n\t\t\n\t\t<figure class=\"wpb_wrapper vc_figure\">\n\t\t\t<div class=\"vc_single_image-wrapper   vc_box_border_grey\"><img loading=\"lazy\" decoding=\"async\" class=\"vc_single_image-img\" src=\"https:\/\/www.ksalps.com\/wp-content\/uploads\/2022\/05\/2_Soteska-Predaselj-Kamniska-Bistrica_Bostjan-Tacol_Sklop-1-scaled-890x500.jpg\" width=\"890\" height=\"500\" alt=\"2_Soteska Predaselj - Kamni\u0161ka Bistrica_Bo\u0161tjan Tacol_Sklop 1\" title=\"2_Soteska Predaselj - Kamni\u0161ka Bistrica_Bo\u0161tjan Tacol_Sklop 1\" \/><\/div>\n\t\t<\/figure>\n\t<\/div>\n<\/div><\/div><\/div><div class=\"wpb_column vc_column_container vc_col-sm-6\"><div class=\"vc_column-inner\"><div class=\"wpb_wrapper\"><h4 style=\"text-align: left\" class=\"vc_custom_heading\" >\u00dadol\u00ed pojmenovan\u00e9 podle stejnojmenn\u00e9 \u0159eky Kamni\u0161ka Bistrica se nach\u00e1z\u00ed v srdci Kamnicko-Savinjsk\u00fdch Alp.<\/h4>\n\t<div class=\"wpb_text_column wpb_content_element\" >\n\t\t<div class=\"wpb_wrapper\">\n\t\t\t<p>Sve\u017eina reke veje skozi celotno dolino, njene najbolj zanimive to\u010dke pa predstavljajo izvir reke, kjer se nahaja manj\u0161e jezero, 30 metrov visoka soteska Predaselj in manj\u0161i hudourni\u0161ki slap Orglice. Po celotni dolini se vije Ko\u017eeljeva pe\u0161pot, najlep\u0161i del pa sega od spodnje postaje nihalke na Veliko planino, mimo Ple\u010dnikovega dvorca pa vse do zaklju\u010dka pri Domu v Kamni\u0161ki Bistrici. Dolina je odli\u010dno izhodi\u0161\u010de za izlete v visokogorje, ob vrnitvi pa vas pri\u010daka \u010dista in za pitje primerna voda.<\/p>\n\n\t\t<\/div>\n\t<\/div>\n\n\t<div class=\"wpb_text_column wpb_content_element\" >\n\t\t<div class=\"wpb_wrapper\">\n\t\t\t<h5><a href=\"https:\/\/www.visitkamnik.com\/sl\/top-atrakcije\/dolina-kamniske-bistrice_3\">Prozkoumat v\u00edce<\/a><\/h5>\n\n\t\t<\/div>\n\t<\/div>\n<\/div><\/div><\/div><\/div><div class=\"vc_row-full-width vc_clearfix\"><\/div><div data-vc-full-width=\"true\" data-vc-full-width-init=\"false\" class=\"vc_row wpb_row vc_row-fluid vc_custom_1667916005688 vc_row-has-fill vc_row-o-content-middle vc_row-flex\"><div class=\"wpb_column vc_column_container vc_col-sm-6\"><div class=\"vc_column-inner\"><div class=\"wpb_wrapper\"><h4 style=\"text-align: left\" class=\"vc_custom_heading\" >Arboretum Vol\u010dji Potok je kulturn\u00ed pam\u00e1tkou n\u00e1rodn\u00edho v\u00fdznamu.<\/h4>\n\t<div class=\"wpb_text_column wpb_content_element\" >\n\t\t<div class=\"wpb_wrapper\">\n\t\t\t<p style=\"text-align: left;\">Na 85 hektarech se zde nach\u00e1z\u00ed t\u00e9m\u011b\u0159 5000 strom\u016f, 1000 odr\u016fd r\u016f\u017e\u00ed a na 2 miliony tulip\u00e1n\u016f - jeden pro ka\u017ed\u00e9ho Slovince. Park je obl\u00edbenou v\u00fdletn\u00ed lokalitou, kter\u00e1 je kr\u00e1sn\u00e1 v ka\u017ed\u00e9m ro\u010dn\u00edm obdob\u00ed a d\u00edky velk\u00e9mu d\u011btsk\u00e9mu h\u0159i\u0161ti je hojn\u011b nav\u0161t\u011bvov\u00e1na zejm\u00e9na rodinami. Jednou z nejzn\u00e1m\u011bj\u0161\u00edch pam\u00e1tek parku je francouzsk\u00e1 zahrada, kterou navrhl b\u00fdval\u00fd majitel Leon Souvan. Krom\u011b st\u00e1l\u00fdch expozic dinosaur\u016f a velryb v \u017eivotn\u00ed velikosti se v parku b\u011bhem roku kon\u00e1 \u0159ada hojn\u011b nav\u0161t\u011bvovan\u00fdch akc\u00ed.<\/p>\n\n\t\t<\/div>\n\t<\/div>\n\n\t<div class=\"wpb_text_column wpb_content_element\" >\n\t\t<div class=\"wpb_wrapper\">\n\t\t\t<h5 style=\"text-align: left;\">&gt; <a href=\"https:\/\/www.arboretum.si\/\">Prozkoumejte v\u00edce<\/a><\/h5>\n\n\t\t<\/div>\n\t<\/div>\n<\/div><\/div><\/div><div class=\"wpb_column vc_column_container vc_col-sm-6\"><div class=\"vc_column-inner\"><div class=\"wpb_wrapper\">\n\t<div  class=\"wpb_single_image wpb_content_element vc_align_left\">\n\t\t\n\t\t<figure class=\"wpb_wrapper vc_figure\">\n\t\t\t<div class=\"vc_single_image-wrapper   vc_box_border_grey\"><img loading=\"lazy\" decoding=\"async\" class=\"vc_single_image-img\" src=\"https:\/\/www.ksalps.com\/wp-content\/uploads\/2022\/05\/Kamnik-Slika-2-scaled-890x500.jpg\" width=\"890\" height=\"500\" alt=\"Kamnik Slika 2\" title=\"Kamnik Slika 2\" \/><\/div>\n\t\t<\/figure>\n\t<\/div>\n<\/div><\/div><\/div><\/div><div class=\"vc_row-full-width vc_clearfix\"><\/div><div data-vc-full-width=\"true\" data-vc-full-width-init=\"false\" class=\"vc_row wpb_row vc_row-fluid vc_custom_1667916015488 vc_row-has-fill vc_row-o-content-middle vc_row-flex\"><div class=\"wpb_column vc_column_container vc_col-sm-6\"><div class=\"vc_column-inner\"><div class=\"wpb_wrapper\">\n\t<div  class=\"wpb_single_image wpb_content_element vc_align_left\">\n\t\t\n\t\t<figure class=\"wpb_wrapper vc_figure\">\n\t\t\t<div class=\"vc_single_image-wrapper   vc_box_border_grey\"><img loading=\"lazy\" decoding=\"async\" class=\"vc_single_image-img\" src=\"https:\/\/www.ksalps.com\/wp-content\/uploads\/2022\/05\/Snovik-890x500.jpg\" width=\"890\" height=\"500\" alt=\"Snovik\" title=\"Snovik\" \/><\/div>\n\t\t<\/figure>\n\t<\/div>\n<\/div><\/div><\/div><div class=\"wpb_column vc_column_container vc_col-sm-6\"><div class=\"vc_column-inner\"><div class=\"wpb_wrapper\"><h4 style=\"text-align: left\" class=\"vc_custom_heading\" >\u00dadol\u00ed Tuhinjska dolina, kter\u00e9 kdysi p\u0159edstavovalo d\u016fle\u017eitou obchodn\u00ed stezku mezi m\u011bsty Aquileia a V\u00edde\u0148, je poseto mnoha mal\u00fdmi vesnicemi.<\/h4>\n\t<div class=\"wpb_text_column wpb_content_element\" >\n\t\t<div class=\"wpb_wrapper\">\n\t\t\t<p>M\u00edstn\u00ed obyvatel\u00e9 pe\u010duj\u00ed o bohat\u00e9 etnologick\u00e9 d\u011bdictv\u00ed, kter\u00e9 je navenek patrn\u00e9 z mnoha zachoval\u00fdch sen\u00edk\u016f, s\u00fdpek a statk\u016f. V jednom z bo\u010dn\u00edch \u00fadol\u00ed se nach\u00e1z\u00ed Terme Snovik, nejv\u00fd\u0161e polo\u017een\u00e9 l\u00e1zn\u011b, kter\u00e9 se zam\u011b\u0159uj\u00ed na udr\u017eiteln\u00fd rozvoj. V Tuhinjsk\u00e9 dolin\u011b je n\u011bkolik m\u00edst, kter\u00e1 stoj\u00ed za zast\u00e1vku, nap\u0159\u00edklad kostel sv. Miklav\u017ea na Gori, vesnice \u0160pitali\u010d a Motnik a krasov\u00e1 Menino planina.<\/p>\n\n\t\t<\/div>\n\t<\/div>\n\n\t<div class=\"wpb_text_column wpb_content_element\" >\n\t\t<div class=\"wpb_wrapper\">\n\t\t\t<h5>&gt; <a href=\"https:\/\/www.arboretum.si\/\">Prozkoumejte v\u00edce<\/a><\/h5>\n\n\t\t<\/div>\n\t<\/div>\n<\/div><\/div><\/div><\/div><div class=\"vc_row-full-width vc_clearfix\"><\/div>\n<\/section>","protected":false},"excerpt":{"rendered":"Kamnik je mesto v naro\u010dju Kamni\u0161ko-Savinjskih Alp, ki velja za eno najlep\u0161ih srednjeve\u0161kih mest v Sloveniji. V pisnih virih se prvi\u010d omenja leta 1229, njegova gradova pa \u017ee prej. Na mestni vzpetini stoji Mali grad, od katerega je ohranjena le romanska kapela, ru\u0161evine nekdanjega Starega gradu pa danes predstavljajo dobro obiskano pohodno to\u010dko, s \u010dudovitim [...]","protected":false},"author":1,"featured_media":0,"parent":0,"menu_order":0,"comment_status":"closed","ping_status":"closed","template":"","meta":{"footnotes":""},"class_list":["post-2783","page","type-page","status-publish","hentry"],"_links":{"self":[{"href":"https:\/\/www.ksalps.com\/cs\/wp-json\/wp\/v2\/pages\/2783","targetHints":{"allow":["GET"]}}],"collection":[{"href":"https:\/\/www.ksalps.com\/cs\/wp-json\/wp\/v2\/pages"}],"about":[{"href":"https:\/\/www.ksalps.com\/cs\/wp-json\/wp\/v2\/types\/page"}],"author":[{"embeddable":true,"href":"https:\/\/www.ksalps.com\/cs\/wp-json\/wp\/v2\/users\/1"}],"replies":[{"embeddable":true,"href":"https:\/\/www.ksalps.com\/cs\/wp-json\/wp\/v2\/comments?post=2783"}],"version-history":[{"count":22,"href":"https:\/\/www.ksalps.com\/cs\/wp-json\/wp\/v2\/pages\/2783\/revisions"}],"predecessor-version":[{"id":3269,"href":"https:\/\/www.ksalps.com\/cs\/wp-json\/wp\/v2\/pages\/2783\/revisions\/3269"}],"wp:attachment":[{"href":"https:\/\/www.ksalps.com\/cs\/wp-json\/wp\/v2\/media?parent=2783"}],"curies":[{"name":"wp","href":"https:\/\/api.w.org\/{rel}","templated":true}]}}